{"id":695,"date":"2019-09-15T19:36:15","date_gmt":"2019-09-15T19:36:15","guid":{"rendered":"https:\/\/www.portugaliarestauracao.pt\/eventos\/?page_id=695"},"modified":"2026-04-21T18:19:52","modified_gmt":"2026-04-21T17:19:52","slug":"pc-cais-do-sodre","status":"publish","type":"page","link":"https:\/\/www.portugaliarestauracao.pt\/eventos\/pt-pt\/pc-cais-do-sodre\/","title":{"rendered":"Portug\u00e1lia Cervejaria \u2013 Cais do Sodr\u00e9 \u2013 PT"},"content":{"rendered":"<div class=\"wpb-content-wrapper\"><p>[vc_row css=&#8221;.vc_custom_1568255041292{margin-bottom: -10px !important;}&#8221;][vc_column][vc_column_text css=&#8221;.vc_custom_1726661319221{padding-top: 500px !important;background-image: url(https:\/\/www.portugaliarestauracao.pt\/eventos\/wp-content\/uploads\/2024\/09\/PC-CAIS-SODRE.jpg?id=1578) !important;background-position: center !important;background-repeat: no-repeat !important;background-size: cover !important;}&#8221; el_class=&#8221;clMySubText&#8221;]<\/p>\n<p class=\"mySubTextP\" style=\"text-align: center;\"><span style=\"color: #000000;\"><span class=\"mySubTextA\">VISTA TEJO | SALA AMPLA | ESPLANADA COM VISTA SOBRE O RIO<br \/>\n<\/span><span class=\"mySubTextA\">BIFE PORTUGA\u0301LIA | MARISCOS<\/span><\/span><\/p>\n<p>[\/vc_column_text][\/vc_column][\/vc_row][vc_row css=&#8221;.vc_custom_1568231520468{margin-right: 0px !important;margin-left: 0px !important;background-color: #004b85 !important;}&#8221; el_id=&#8221;idTextSticker&#8221;][vc_column][vc_column_text css=&#8221;.vc_custom_1568576250010{padding-right: 30px !important;padding-left: 30px !important;}&#8221;]<span style=\"color: #ffffff;\">A Portuga\u0301lia Cervejaria do Cais do Sodre\u0301 e\u0301 o local perfeito com vista para o Tejo. A sua sala ampla permite a realizac\u0327a\u0303o de eventos corporate, Casamentos e Aniversa\u0301rios. Inclui va\u0301rios tipos de servic\u0327os. A esplanada com vista para o Tejo e\u0301 ideal para a realizac\u0327a\u0303o de ac\u0327o\u0303es intimistas, Cocktails e Sunsets.<\/span>[\/vc_column_text][\/vc_column][\/vc_row][vc_row css=&#8221;.vc_custom_1568231520468{margin-right: 0px !important;margin-left: 0px !important;background-color: #004b85 !important;}&#8221;][vc_column width=&#8221;1\/4&#8243; el_id=&#8221;idVertDivider&#8221;][vc_column_text css=&#8221;.vc_custom_1568576312625{padding-right: 30px !important;padding-left: 30px !important;}&#8221;]<span style=\"color: #ffffff;\">\u2022 Luz natural<\/span><\/p>\n<p><span style=\"color: #ffffff;\">\u2022 Vista deslumbrante e de primeira linha sobre o Tejo<\/span><\/p>\n<p><span style=\"color: #ffffff;\">\u2022 Decorac\u0327a\u0303o com paine\u0301is<\/span><br \/>\n<span style=\"color: #ffffff;\">de azulejos contempora\u0302neos<\/span>[\/vc_column_text][\/vc_column][vc_column width=&#8221;1\/4&#8243; el_id=&#8221;idVertDivider&#8221;][vc_column_text css=&#8221;.vc_custom_1568576963873{padding-right: 30px !important;padding-left: 30px !important;}&#8221;]<span style=\"color: #ffffff;\">\u2022 Sala ampla<\/span><\/p>\n<p><span style=\"color: #ffffff;\">\u2022 Esplanada com vista de rio<\/span>[\/vc_column_text][\/vc_column][vc_column width=&#8221;1\/4&#8243; el_id=&#8221;idVertDivider&#8221;][vc_column_text css=&#8221;.vc_custom_1568576341632{padding-right: 30px !important;padding-left: 30px !important;}&#8221;]<span style=\"color: #ffffff;\">\u2022 A 3 minutos da estac\u0327a\u0303o de comboios, autocarros, metro e ferries do Cais do Sodre\u0301<\/span><\/p>\n<p><span style=\"color: #ffffff;\">\u2022 Estacionamento pu\u0301blico a\u0300 porta<\/span>[\/vc_column_text][\/vc_column][vc_column width=&#8221;1\/4&#8243;][vc_column_text css=&#8221;.vc_custom_1570654621097{padding-right: 30px !important;padding-left: 30px !important;}&#8221;]<span style=\"color: #ffffff;\">\u2022 Capacidade Total: <\/span><br \/>\n<span style=\"color: #ffffff;\">240 lugares<\/span><br \/>\n<span style=\"color: #ffffff;\">&#8211; Sala: 170 lugares<\/span><br \/>\n<span style=\"color: #ffffff;\">&#8211; Esplanada: 70 lugares<\/span>[\/vc_column_text][\/vc_column][\/vc_row][vc_row css=&#8221;.vc_custom_1666088989769{margin-right: 0px !important;margin-bottom: 50px !important;margin-left: 0px !important;background-color: #004b85 !important;}&#8221; el_class=&#8221;clPaddingTop50&#8243;][vc_column width=&#8221;1\/2&#8243;][vc_column_text css=&#8221;.vc_custom_1673535009610{padding-right: 30px !important;padding-left: 30px !important;}&#8221;]<span style=\"color: #ffffff;\"><img loading=\"lazy\" decoding=\"async\" class=\"alignnone size-full wp-image-678\" src=\"https:\/\/www.portugaliarestauracao.pt\/eventos\/wp-content\/uploads\/2019\/09\/Icon-Casa-v04.png\" alt=\"\" width=\"50\" height=\"44\" \/>Rua da Cintura do Porto de Lisboa, Cais do Sodre\u0301 LISBOA<\/span><\/p>\n<p><span style=\"color: #ffffff;\"> <img loading=\"lazy\" decoding=\"async\" class=\"alignnone size-full wp-image-685\" src=\"https:\/\/www.portugaliarestauracao.pt\/eventos\/wp-content\/uploads\/2019\/09\/Icon-Mobile-v01.png\" alt=\"\" width=\"50\" height=\"44\" \/>Dep. Comercial: <a style=\"color: #ffffff;\" href=\"mailto:reservas@portugalia.pt\">reservas@portugalia.pt<\/a> |<br \/>\n<a style=\"color: #ffffff;\" href=\"tel:00351213511234\">+351\u00a021\u00a0351\u00a012\u00a034<\/a> <span style=\"font-size: 13px;\">(Chamada para a rede fixa nacional)<\/span><\/span><\/p>\n<p><span style=\"color: #ffffff;\"><img loading=\"lazy\" decoding=\"async\" class=\"alignnone wp-image-707 size-full\" src=\"https:\/\/www.portugaliarestauracao.pt\/eventos\/wp-content\/uploads\/2019\/09\/Icon-Mapa-v02.png\" alt=\"\" width=\"50\" height=\"44\" \/><a style=\"color: #ffffff;\" href=\"https:\/\/www.google.pt\/maps\/place\/Portug%C3%A1lia+Cervejaria\/@38.7058268,-9.1514436,17z\/data=!3m1!4b1!4m5!3m4!1s0xd193486e9207b0f:0x32dfecfe8b8d811c!8m2!3d38.7058268!4d-9.1492496\" target=\"_blank\" rel=\"noopener noreferrer\">ABRIR MAPA<\/a><\/span>[\/vc_column_text][\/vc_column][vc_column width=&#8221;1\/2&#8243; css=&#8221;.vc_custom_1666089066048{margin-bottom: 50px !important;}&#8221;][vc_btn title=&#8221;Download ficha t\u00e9cnica&#8221; style=&#8221;flat&#8221; shape=&#8221;square&#8221; color=&#8221;primary&#8221; size=&#8221;lg&#8221; i_icon_fontawesome=&#8221;fas fa-download&#8221; add_icon=&#8221;true&#8221; link=&#8221;url:%2Feventos%2Fwp-content%2Fuploads%2F2024%2F09%2FFicha-Tecnica-PC-CAIS-SODRE-PT.pdf|target:_blank|rel:nofollow&#8221; el_class=&#8221;links_download&#8221;][vc_btn title=&#8221;Download fotos&#8221; style=&#8221;flat&#8221; shape=&#8221;square&#8221; color=&#8221;primary&#8221; size=&#8221;lg&#8221; i_icon_fontawesome=&#8221;fas fa-download&#8221; add_icon=&#8221;true&#8221; link=&#8221;url:%2Feventos%2Fwp-content%2Fuploads%2F2024%2F09%2FFotos-PortugaliaCervejaria-CaisSodre-COMPACTADAS.zip|target:_blank|rel:nofollow&#8221; el_class=&#8221;links_download&#8221;][vc_btn title=&#8221;Download Plantas&#8221; style=&#8221;flat&#8221; shape=&#8221;square&#8221; color=&#8221;primary&#8221; size=&#8221;lg&#8221; i_icon_fontawesome=&#8221;fas fa-download&#8221; add_icon=&#8221;true&#8221; link=&#8221;url:%2Feventos%2Fwp-content%2Fuploads%2F2024%2F09%2FPlanta-PC-CAIS-SODRE-PT.pdf|target:_blank|rel:nofollow&#8221; el_class=&#8221;links_download&#8221;][vc_btn title=&#8221;Download menus de grupo&#8221; style=&#8221;flat&#8221; shape=&#8221;square&#8221; color=&#8221;primary&#8221; size=&#8221;lg&#8221; i_icon_fontawesome=&#8221;fas fa-download&#8221; css=&#8221;&#8221; add_icon=&#8221;true&#8221; link=&#8221;url:%2Feventos%2FDownloads%2FPT%20MenuGrupo%202026_PC.pdf|target:_blank|rel:nofollow&#8221; el_class=&#8221;links_download&#8221;][\/vc_column][\/vc_row]<\/p>\n<\/div>","protected":false},"excerpt":{"rendered":"<p>[vc_row css=&#8221;.vc_custom_1568255041292{margin-bottom: -10px !important;}&#8221;][vc_column][vc_column_text css=&#8221;.vc_custom_1726661319221{padding-top: 500px !important;background-image: url(https:\/\/www.portugaliarestauracao.pt\/eventos\/wp-content\/uploads\/2024\/09\/PC-CAIS-SODRE.jpg?id=1578) !important;background-position: center !important;background-repeat: no-repeat !important;background-size: cover !important;}&#8221; el_class=&#8221;clMySubText&#8221;] VISTA TEJO | SALA AMPLA | ESPLANADA COM VISTA SOBRE O RIO BIFE PORTUGA\u0301LIA | MARISCOS [\/vc_column_text][\/vc_column][\/vc_row][vc_row css=&#8221;.vc_custom_1568231520468{margin-right: 0px !important;margin-left: 0px !important;background-color: #004b85 !important;}&#8221; el_id=&#8221;idTextSticker&#8221;][vc_column][vc_column_text css=&#8221;.vc_custom_1568576250010{padding-right: 30px !important;padding-left: 30px !important;}&#8221;]A Portuga\u0301lia Cervejaria do Cais do Sodre\u0301 e\u0301 o local [&hellip;]<\/p>\n","protected":false},"author":1,"featured_media":0,"parent":0,"menu_order":0,"comment_status":"closed","ping_status":"closed","template":"","meta":{"footnotes":""},"class_list":["post-695","page","type-page","status-publish","hentry"],"yoast_head":"<!-- This site is optimized with the Yoast SEO plugin v25.3.1 - https:\/\/yoast.com\/wordpress\/plugins\/seo\/ -->\n<title>Portug\u00e1lia Cervejaria \u2013 Cais do Sodr\u00e9 \u2013 PT - Portug\u00e1lia Restaura\u00e7\u00e3o - Eventos<\/title>\n<meta name=\"robots\" content=\"noindex, follow\" \/>\n<meta property=\"og:locale\" content=\"pt_PT\" \/>\n<meta property=\"og:type\" content=\"article\" \/>\n<meta property=\"og:title\" content=\"Portug\u00e1lia Cervejaria \u2013 Cais do Sodr\u00e9 \u2013 PT - Portug\u00e1lia Restaura\u00e7\u00e3o - Eventos\" \/>\n<meta property=\"og:description\" content=\"[vc_row css=&#8221;.vc_custom_1568255041292{margin-bottom: -10px !important;}&#8221;][vc_column][vc_column_text css=&#8221;.vc_custom_1726661319221{padding-top: 500px !important;background-image: url(https:\/\/www.portugaliarestauracao.pt\/eventos\/wp-content\/uploads\/2024\/09\/PC-CAIS-SODRE.jpg?id=1578) !important;background-position: center !important;background-repeat: no-repeat !important;background-size: cover !important;}&#8221; el_class=&#8221;clMySubText&#8221;] VISTA TEJO | SALA AMPLA | ESPLANADA COM VISTA SOBRE O RIO BIFE PORTUGA\u0301LIA | MARISCOS [\/vc_column_text][\/vc_column][\/vc_row][vc_row css=&#8221;.vc_custom_1568231520468{margin-right: 0px !important;margin-left: 0px !important;background-color: #004b85 !important;}&#8221; el_id=&#8221;idTextSticker&#8221;][vc_column][vc_column_text css=&#8221;.vc_custom_1568576250010{padding-right: 30px !important;padding-left: 30px !important;}&#8221;]A Portuga\u0301lia Cervejaria do Cais do Sodre\u0301 e\u0301 o local [&hellip;]\" \/>\n<meta property=\"og:url\" content=\"https:\/\/www.portugaliarestauracao.pt\/eventos\/pt-pt\/pc-cais-do-sodre\/\" \/>\n<meta property=\"og:site_name\" content=\"Portug\u00e1lia Restaura\u00e7\u00e3o - Eventos\" \/>\n<meta property=\"article:modified_time\" content=\"2026-04-21T17:19:52+00:00\" \/>\n<meta property=\"og:image\" content=\"https:\/\/www.portugaliarestauracao.pt\/eventos\/wp-content\/uploads\/2019\/09\/Icon-Casa-v04.png\" \/>\n\t<meta property=\"og:image:width\" content=\"50\" \/>\n\t<meta property=\"og:image:height\" content=\"44\" \/>\n\t<meta property=\"og:image:type\" content=\"image\/png\" \/>\n<meta name=\"twitter:card\" content=\"summary_large_image\" \/>\n<meta name=\"twitter:label1\" content=\"Tempo estimado de leitura\" \/>\n\t<meta name=\"twitter:data1\" content=\"3 minutos\" \/>\n<script type=\"application\/ld+json\" class=\"yoast-schema-graph\">{\"@context\":\"https:\/\/schema.org\",\"@graph\":[{\"@type\":\"WebPage\",\"@id\":\"https:\/\/www.portugaliarestauracao.pt\/eventos\/pt-pt\/pc-cais-do-sodre\/\",\"url\":\"https:\/\/www.portugaliarestauracao.pt\/eventos\/pt-pt\/pc-cais-do-sodre\/\",\"name\":\"Portug\u00e1lia Cervejaria \u2013 Cais do Sodr\u00e9 \u2013 PT - Portug\u00e1lia Restaura\u00e7\u00e3o - Eventos\",\"isPartOf\":{\"@id\":\"https:\/\/www.portugaliarestauracao.pt\/eventos\/#website\"},\"primaryImageOfPage\":{\"@id\":\"https:\/\/www.portugaliarestauracao.pt\/eventos\/pt-pt\/pc-cais-do-sodre\/#primaryimage\"},\"image\":{\"@id\":\"https:\/\/www.portugaliarestauracao.pt\/eventos\/pt-pt\/pc-cais-do-sodre\/#primaryimage\"},\"thumbnailUrl\":\"https:\/\/www.portugaliarestauracao.pt\/eventos\/wp-content\/uploads\/2019\/09\/Icon-Casa-v04.png\",\"datePublished\":\"2019-09-15T19:36:15+00:00\",\"dateModified\":\"2026-04-21T17:19:52+00:00\",\"breadcrumb\":{\"@id\":\"https:\/\/www.portugaliarestauracao.pt\/eventos\/pt-pt\/pc-cais-do-sodre\/#breadcrumb\"},\"inLanguage\":\"pt-PT\",\"potentialAction\":[{\"@type\":\"ReadAction\",\"target\":[\"https:\/\/www.portugaliarestauracao.pt\/eventos\/pt-pt\/pc-cais-do-sodre\/\"]}]},{\"@type\":\"ImageObject\",\"inLanguage\":\"pt-PT\",\"@id\":\"https:\/\/www.portugaliarestauracao.pt\/eventos\/pt-pt\/pc-cais-do-sodre\/#primaryimage\",\"url\":\"https:\/\/www.portugaliarestauracao.pt\/eventos\/wp-content\/uploads\/2019\/09\/Icon-Casa-v04.png\",\"contentUrl\":\"https:\/\/www.portugaliarestauracao.pt\/eventos\/wp-content\/uploads\/2019\/09\/Icon-Casa-v04.png\",\"width\":50,\"height\":44},{\"@type\":\"BreadcrumbList\",\"@id\":\"https:\/\/www.portugaliarestauracao.pt\/eventos\/pt-pt\/pc-cais-do-sodre\/#breadcrumb\",\"itemListElement\":[{\"@type\":\"ListItem\",\"position\":1,\"name\":\"Home\",\"item\":\"https:\/\/www.portugaliarestauracao.pt\/eventos\/pt-pt\/\"},{\"@type\":\"ListItem\",\"position\":2,\"name\":\"Portug\u00e1lia Cervejaria \u2013 Cais do Sodr\u00e9 \u2013 PT\"}]},{\"@type\":\"WebSite\",\"@id\":\"https:\/\/www.portugaliarestauracao.pt\/eventos\/#website\",\"url\":\"https:\/\/www.portugaliarestauracao.pt\/eventos\/\",\"name\":\"Portug\u00e1lia Restaura\u00e7\u00e3o - Eventos\",\"description\":\"Portug\u00e1lia Restaura\u00e7\u00e3o - Eventos\",\"potentialAction\":[{\"@type\":\"SearchAction\",\"target\":{\"@type\":\"EntryPoint\",\"urlTemplate\":\"https:\/\/www.portugaliarestauracao.pt\/eventos\/?s={search_term_string}\"},\"query-input\":{\"@type\":\"PropertyValueSpecification\",\"valueRequired\":true,\"valueName\":\"search_term_string\"}}],\"inLanguage\":\"pt-PT\"}]}<\/script>\n<!-- \/ Yoast SEO plugin. -->","yoast_head_json":{"title":"Portug\u00e1lia Cervejaria \u2013 Cais do Sodr\u00e9 \u2013 PT - Portug\u00e1lia Restaura\u00e7\u00e3o - Eventos","robots":{"index":"noindex","follow":"follow"},"og_locale":"pt_PT","og_type":"article","og_title":"Portug\u00e1lia Cervejaria \u2013 Cais do Sodr\u00e9 \u2013 PT - Portug\u00e1lia Restaura\u00e7\u00e3o - Eventos","og_description":"[vc_row css=&#8221;.vc_custom_1568255041292{margin-bottom: -10px !important;}&#8221;][vc_column][vc_column_text css=&#8221;.vc_custom_1726661319221{padding-top: 500px !important;background-image: url(https:\/\/www.portugaliarestauracao.pt\/eventos\/wp-content\/uploads\/2024\/09\/PC-CAIS-SODRE.jpg?id=1578) !important;background-position: center !important;background-repeat: no-repeat !important;background-size: cover !important;}&#8221; el_class=&#8221;clMySubText&#8221;] VISTA TEJO | SALA AMPLA | ESPLANADA COM VISTA SOBRE O RIO BIFE PORTUGA\u0301LIA | MARISCOS [\/vc_column_text][\/vc_column][\/vc_row][vc_row css=&#8221;.vc_custom_1568231520468{margin-right: 0px !important;margin-left: 0px !important;background-color: #004b85 !important;}&#8221; el_id=&#8221;idTextSticker&#8221;][vc_column][vc_column_text css=&#8221;.vc_custom_1568576250010{padding-right: 30px !important;padding-left: 30px !important;}&#8221;]A Portuga\u0301lia Cervejaria do Cais do Sodre\u0301 e\u0301 o local [&hellip;]","og_url":"https:\/\/www.portugaliarestauracao.pt\/eventos\/pt-pt\/pc-cais-do-sodre\/","og_site_name":"Portug\u00e1lia Restaura\u00e7\u00e3o - Eventos","article_modified_time":"2026-04-21T17:19:52+00:00","og_image":[{"width":50,"height":44,"url":"https:\/\/www.portugaliarestauracao.pt\/eventos\/wp-content\/uploads\/2019\/09\/Icon-Casa-v04.png","type":"image\/png"}],"twitter_card":"summary_large_image","twitter_misc":{"Tempo estimado de leitura":"3 minutos"},"schema":{"@context":"https:\/\/schema.org","@graph":[{"@type":"WebPage","@id":"https:\/\/www.portugaliarestauracao.pt\/eventos\/pt-pt\/pc-cais-do-sodre\/","url":"https:\/\/www.portugaliarestauracao.pt\/eventos\/pt-pt\/pc-cais-do-sodre\/","name":"Portug\u00e1lia Cervejaria \u2013 Cais do Sodr\u00e9 \u2013 PT - Portug\u00e1lia Restaura\u00e7\u00e3o - Eventos","isPartOf":{"@id":"https:\/\/www.portugaliarestauracao.pt\/eventos\/#website"},"primaryImageOfPage":{"@id":"https:\/\/www.portugaliarestauracao.pt\/eventos\/pt-pt\/pc-cais-do-sodre\/#primaryimage"},"image":{"@id":"https:\/\/www.portugaliarestauracao.pt\/eventos\/pt-pt\/pc-cais-do-sodre\/#primaryimage"},"thumbnailUrl":"https:\/\/www.portugaliarestauracao.pt\/eventos\/wp-content\/uploads\/2019\/09\/Icon-Casa-v04.png","datePublished":"2019-09-15T19:36:15+00:00","dateModified":"2026-04-21T17:19:52+00:00","breadcrumb":{"@id":"https:\/\/www.portugaliarestauracao.pt\/eventos\/pt-pt\/pc-cais-do-sodre\/#breadcrumb"},"inLanguage":"pt-PT","potentialAction":[{"@type":"ReadAction","target":["https:\/\/www.portugaliarestauracao.pt\/eventos\/pt-pt\/pc-cais-do-sodre\/"]}]},{"@type":"ImageObject","inLanguage":"pt-PT","@id":"https:\/\/www.portugaliarestauracao.pt\/eventos\/pt-pt\/pc-cais-do-sodre\/#primaryimage","url":"https:\/\/www.portugaliarestauracao.pt\/eventos\/wp-content\/uploads\/2019\/09\/Icon-Casa-v04.png","contentUrl":"https:\/\/www.portugaliarestauracao.pt\/eventos\/wp-content\/uploads\/2019\/09\/Icon-Casa-v04.png","width":50,"height":44},{"@type":"BreadcrumbList","@id":"https:\/\/www.portugaliarestauracao.pt\/eventos\/pt-pt\/pc-cais-do-sodre\/#breadcrumb","itemListElement":[{"@type":"ListItem","position":1,"name":"Home","item":"https:\/\/www.portugaliarestauracao.pt\/eventos\/pt-pt\/"},{"@type":"ListItem","position":2,"name":"Portug\u00e1lia Cervejaria \u2013 Cais do Sodr\u00e9 \u2013 PT"}]},{"@type":"WebSite","@id":"https:\/\/www.portugaliarestauracao.pt\/eventos\/#website","url":"https:\/\/www.portugaliarestauracao.pt\/eventos\/","name":"Portug\u00e1lia Restaura\u00e7\u00e3o - Eventos","description":"Portug\u00e1lia Restaura\u00e7\u00e3o - Eventos","potentialAction":[{"@type":"SearchAction","target":{"@type":"EntryPoint","urlTemplate":"https:\/\/www.portugaliarestauracao.pt\/eventos\/?s={search_term_string}"},"query-input":{"@type":"PropertyValueSpecification","valueRequired":true,"valueName":"search_term_string"}}],"inLanguage":"pt-PT"}]}},"_links":{"self":[{"href":"https:\/\/www.portugaliarestauracao.pt\/eventos\/wp-json\/wp\/v2\/pages\/695","targetHints":{"allow":["GET"]}}],"collection":[{"href":"https:\/\/www.portugaliarestauracao.pt\/eventos\/wp-json\/wp\/v2\/pages"}],"about":[{"href":"https:\/\/www.portugaliarestauracao.pt\/eventos\/wp-json\/wp\/v2\/types\/page"}],"author":[{"embeddable":true,"href":"https:\/\/www.portugaliarestauracao.pt\/eventos\/wp-json\/wp\/v2\/users\/1"}],"replies":[{"embeddable":true,"href":"https:\/\/www.portugaliarestauracao.pt\/eventos\/wp-json\/wp\/v2\/comments?post=695"}],"version-history":[{"count":9,"href":"https:\/\/www.portugaliarestauracao.pt\/eventos\/wp-json\/wp\/v2\/pages\/695\/revisions"}],"predecessor-version":[{"id":1641,"href":"https:\/\/www.portugaliarestauracao.pt\/eventos\/wp-json\/wp\/v2\/pages\/695\/revisions\/1641"}],"wp:attachment":[{"href":"https:\/\/www.portugaliarestauracao.pt\/eventos\/wp-json\/wp\/v2\/media?parent=695"}],"curies":[{"name":"wp","href":"https:\/\/api.w.org\/{rel}","templated":true}]}}