{"id":722,"date":"2019-09-15T20:01:47","date_gmt":"2019-09-15T20:01:47","guid":{"rendered":"https:\/\/www.portugaliarestauracao.pt\/eventos\/?page_id=722"},"modified":"2026-04-21T13:04:11","modified_gmt":"2026-04-21T12:04:11","slug":"pc-belem","status":"publish","type":"page","link":"https:\/\/www.portugaliarestauracao.pt\/eventos\/pt-pt\/pc-belem\/","title":{"rendered":"Portug\u00e1lia Cervejaria \u2013 Bel\u00e9m \u2013 PT"},"content":{"rendered":"<div class=\"wpb-content-wrapper\"><p>[vc_row css=&#8221;.vc_custom_1568255041292{margin-bottom: -10px !important;}&#8221;][vc_column][vc_column_text css=&#8221;.vc_custom_1776772499038{padding-top: 500px !important;background-image: url(https:\/\/www.portugaliarestauracao.pt\/eventos\/wp-content\/uploads\/2026\/04\/Imagem-Pa\u2560ugina-PC-BELEM.jpg?id=1630) !important;background-position: center !important;background-repeat: no-repeat !important;background-size: cover !important;}&#8221; el_class=&#8221;clMySubText&#8221;]<\/p>\n<p class=\"mySubTextP\" style=\"text-align: center;\"><span style=\"color: #ffffff;\"><span class=\"mySubTextA\">VISTA RIO E BELE\u0301M | 2 SALAS INTERIORES | ESPLANADA COBERTA<br \/>\n<\/span><span class=\"mySubTextA\">BIFE PORTUGA\u0301LIA | MARISCOS<\/span><\/span><\/p>\n<p>[\/vc_column_text][\/vc_column][\/vc_row][vc_row css=&#8221;.vc_custom_1568231520468{margin-right: 0px !important;margin-left: 0px !important;background-color: #004b85 !important;}&#8221; el_id=&#8221;idTextSticker&#8221;][vc_column][vc_column_text css=&#8221;.vc_custom_1666087095346{padding-right: 30px !important;padding-left: 30px !important;}&#8221;]<span style=\"color: #ffffff;\">A Portuga\u0301lia Cervejaria de Bele\u0301m, localizada no Espelho d&#8217;A\u0301gua, disponibiliza va\u0301rias a\u0301reas com diferentes ambientes para a organizac\u0327a\u0303o dos seus eventos.<\/span>[\/vc_column_text][\/vc_column][\/vc_row][vc_row css=&#8221;.vc_custom_1568231520468{margin-right: 0px !important;margin-left: 0px !important;background-color: #004b85 !important;}&#8221;][vc_column width=&#8221;1\/4&#8243; el_id=&#8221;idVertDivider&#8221;][vc_column_text css=&#8221;.vc_custom_1666087108026{padding-right: 30px !important;padding-left: 30px !important;}&#8221;]<span style=\"color: #ffffff;\">\u2022 Estrutura &#8220;flutuante&#8221; sobre o Espelho d&#8217;A\u0301gua em Bele\u0301m<\/span><br \/>\n<span style=\"color: #ffffff;\">\u2022 Vista deslumbrante para os monumentos de Bele\u0301m<\/span>[\/vc_column_text][\/vc_column][vc_column width=&#8221;1\/4&#8243; el_id=&#8221;idVertDivider&#8221;][vc_column_text css=&#8221;.vc_custom_1666087116050{padding-right: 30px !important;padding-left: 30px !important;}&#8221;]<span style=\"color: #ffffff;\">\u2022 Duas salas interiores, esplanada circular e deck em madeira<\/span><\/p>\n<p><span style=\"color: #ffffff;\">\u2022 Luz natural em todas as salas<\/span>[\/vc_column_text][\/vc_column][vc_column width=&#8221;1\/4&#8243; el_id=&#8221;idVertDivider&#8221;][vc_column_text css=&#8221;.vc_custom_1666087124258{padding-right: 30px !important;padding-left: 30px !important;}&#8221;]<span style=\"color: #ffffff;\">\u2022 Localizac\u0327a\u0303o privilegiada<\/span><\/p>\n<p><span style=\"color: #ffffff;\">\u2022 A 5 minutos da estac\u0327a\u0303o<\/span><br \/>\n<span style=\"color: #ffffff;\">de comboios e transportes pu\u0301blicos de Bele\u0301m<\/span><\/p>\n<p><span style=\"color: #ffffff;\">\u2022 Estacionamento pu\u0301blico gratuito a\u0300 porta<\/span>[\/vc_column_text][\/vc_column][vc_column width=&#8221;1\/4&#8243;][vc_column_text css=&#8221;.vc_custom_1666087132818{padding-right: 30px !important;padding-left: 30px !important;}&#8221;]<span style=\"color: #ffffff;\">\u2022 Capacidade Total:<\/span><br \/>\n<span style=\"color: #ffffff;\">260 lugares <\/span><br \/>\n<span style=\"color: #ffffff;\">\u00a0 \u00a0&#8211; Sala principal:<\/span><br \/>\n<span style=\"color: #ffffff;\">90 lugares<\/span><br \/>\n<span style=\"color: #ffffff;\">\u00a0 \u00a0&#8211; Sala privada: 40 lugares<\/span><br \/>\n<span style=\"color: #ffffff;\">\u00a0 \u00a0&#8211; Deck: 50 lugares<\/span><br \/>\n<span style=\"color: #ffffff;\">\u00a0 \u00a0&#8211; Esplanada: 80 lugares<\/span>[\/vc_column_text][\/vc_column][\/vc_row][vc_row css=&#8221;.vc_custom_1666087200251{margin-right: 0px !important;margin-bottom: 50px !important;margin-left: 0px !important;background-color: #004b85 !important;}&#8221; el_class=&#8221;clPaddingTop50&#8243;][vc_column width=&#8221;1\/2&#8243;][vc_column_text css=&#8221;.vc_custom_1673534963472{padding-right: 30px !important;padding-left: 30px !important;}&#8221;]<span style=\"color: #ffffff;\"><img loading=\"lazy\" decoding=\"async\" class=\"alignnone size-full wp-image-678\" src=\"https:\/\/www.portugaliarestauracao.pt\/eventos\/wp-content\/uploads\/2019\/09\/Icon-Casa-v04.png\" alt=\"\" width=\"50\" height=\"44\" \/>Av. Brasi\u0301lia, Edi\u0301ficio Espelho d\u2019A\u0301gua, Bele\u0301m LISBOA<\/span><\/p>\n<p><span style=\"color: #ffffff;\"> <img loading=\"lazy\" decoding=\"async\" class=\"alignnone size-full wp-image-685\" src=\"https:\/\/www.portugaliarestauracao.pt\/eventos\/wp-content\/uploads\/2019\/09\/Icon-Mobile-v01.png\" alt=\"\" width=\"50\" height=\"44\" \/>Dep. Comercial: <a style=\"color: #ffffff;\" href=\"mailto:reservas@portugalia.pt\">reservas@portugalia.pt<\/a> |<br \/>\n<a style=\"color: #ffffff;\" href=\"tel:00351213511234\">+351\u00a021\u00a0351\u00a012\u00a034<\/a> <span style=\"font-size: 13px;\">(Chamada para a rede fixa nacional)<\/span><\/span><\/p>\n<p><span style=\"color: #ffffff;\"><img loading=\"lazy\" decoding=\"async\" class=\"alignnone wp-image-707 size-full\" src=\"https:\/\/www.portugaliarestauracao.pt\/eventos\/wp-content\/uploads\/2019\/09\/Icon-Mapa-v02.png\" alt=\"\" width=\"50\" height=\"44\" \/><a style=\"color: #ffffff;\" href=\"https:\/\/www.google.pt\/maps\/place\/Portug%C3%A1lia+Cervejaria\/@38.6939491,-9.2091376,17z\/data=!3m1!4b1!4m5!3m4!1s0xd1ecb438a2ab971:0x1b5d98b40a3dc894!8m2!3d38.6939491!4d-9.2069436\" target=\"_blank\" rel=\"noopener noreferrer\">ABRIR MAPA<\/a><\/span>[\/vc_column_text][\/vc_column][vc_column width=&#8221;1\/2&#8243; css=&#8221;.vc_custom_1666088880671{margin-bottom: 50px !important;}&#8221;][vc_btn title=&#8221;Download ficha t\u00e9cnica&#8221; style=&#8221;flat&#8221; shape=&#8221;square&#8221; color=&#8221;primary&#8221; size=&#8221;lg&#8221; i_icon_fontawesome=&#8221;fas fa-download&#8221; css=&#8221;&#8221; add_icon=&#8221;true&#8221; link=&#8221;url:%2Feventos%2FDownloads%2FFicha%20Tecnica%20PC%20BELEM%20PT.pdf|target:_blank|rel:nofollow&#8221; el_class=&#8221;links_download&#8221;][vc_btn title=&#8221;Download fotos&#8221; style=&#8221;flat&#8221; shape=&#8221;square&#8221; color=&#8221;primary&#8221; size=&#8221;lg&#8221; i_icon_fontawesome=&#8221;fas fa-download&#8221; css=&#8221;&#8221; add_icon=&#8221;true&#8221; link=&#8221;url:%2Feventos%2FDownloads%2FFotos-PortugaliaCervejaria-Belem.zip|target:_blank|rel:nofollow&#8221; el_class=&#8221;links_download&#8221;][vc_btn title=&#8221;Download Plantas&#8221; style=&#8221;flat&#8221; shape=&#8221;square&#8221; color=&#8221;primary&#8221; size=&#8221;lg&#8221; i_icon_fontawesome=&#8221;fas fa-download&#8221; css=&#8221;&#8221; add_icon=&#8221;true&#8221; link=&#8221;url:%2Feventos%2FDownloads%2FPlanta%20PC%20BELEM%20PT.pdf|target:_blank|rel:nofollow&#8221; el_class=&#8221;links_download&#8221;][vc_btn title=&#8221;Download menus de grupo&#8221; style=&#8221;flat&#8221; shape=&#8221;square&#8221; color=&#8221;primary&#8221; size=&#8221;lg&#8221; i_icon_fontawesome=&#8221;fas fa-download&#8221; css=&#8221;&#8221; add_icon=&#8221;true&#8221; link=&#8221;url:%2Feventos%2FDownloads%2FPT%20MenuGrupo%202026_PC.pdf|target:_blank|rel:nofollow&#8221; el_class=&#8221;links_download&#8221;][\/vc_column][\/vc_row]<\/p>\n<\/div>","protected":false},"excerpt":{"rendered":"<p>[vc_row css=&#8221;.vc_custom_1568255041292{margin-bottom: -10px !important;}&#8221;][vc_column][vc_column_text css=&#8221;.vc_custom_1776772499038{padding-top: 500px !important;background-image: url(https:\/\/www.portugaliarestauracao.pt\/eventos\/wp-content\/uploads\/2026\/04\/Imagem-Pa\u2560ugina-PC-BELEM.jpg?id=1630) !important;background-position: center !important;background-repeat: no-repeat !important;background-size: cover !important;}&#8221; el_class=&#8221;clMySubText&#8221;] VISTA RIO E BELE\u0301M | 2 SALAS INTERIORES | ESPLANADA COBERTA BIFE PORTUGA\u0301LIA | MARISCOS [\/vc_column_text][\/vc_column][\/vc_row][vc_row css=&#8221;.vc_custom_1568231520468{margin-right: 0px !important;margin-left: 0px !important;background-color: #004b85 !important;}&#8221; el_id=&#8221;idTextSticker&#8221;][vc_column][vc_column_text css=&#8221;.vc_custom_1666087095346{padding-right: 30px !important;padding-left: 30px !important;}&#8221;]A Portuga\u0301lia Cervejaria de Bele\u0301m, localizada no Espelho d&#8217;A\u0301gua, disponibiliza va\u0301rias [&hellip;]<\/p>\n","protected":false},"author":1,"featured_media":0,"parent":0,"menu_order":0,"comment_status":"closed","ping_status":"closed","template":"","meta":{"footnotes":""},"class_list":["post-722","page","type-page","status-publish","hentry"],"yoast_head":"<!-- This site is optimized with the Yoast SEO plugin v25.3.1 - https:\/\/yoast.com\/wordpress\/plugins\/seo\/ -->\n<title>Portug\u00e1lia Cervejaria \u2013 Bel\u00e9m \u2013 PT - Portug\u00e1lia Restaura\u00e7\u00e3o - Eventos<\/title>\n<meta name=\"robots\" content=\"noindex, follow\" \/>\n<meta property=\"og:locale\" content=\"pt_PT\" \/>\n<meta property=\"og:type\" content=\"article\" \/>\n<meta property=\"og:title\" content=\"Portug\u00e1lia Cervejaria \u2013 Bel\u00e9m \u2013 PT - Portug\u00e1lia Restaura\u00e7\u00e3o - Eventos\" \/>\n<meta property=\"og:description\" content=\"[vc_row css=&#8221;.vc_custom_1568255041292{margin-bottom: -10px !important;}&#8221;][vc_column][vc_column_text css=&#8221;.vc_custom_1776772499038{padding-top: 500px !important;background-image: url(https:\/\/www.portugaliarestauracao.pt\/eventos\/wp-content\/uploads\/2026\/04\/Imagem-Pa\u2560ugina-PC-BELEM.jpg?id=1630) !important;background-position: center !important;background-repeat: no-repeat !important;background-size: cover !important;}&#8221; el_class=&#8221;clMySubText&#8221;] VISTA RIO E BELE\u0301M | 2 SALAS INTERIORES | ESPLANADA COBERTA BIFE PORTUGA\u0301LIA | MARISCOS [\/vc_column_text][\/vc_column][\/vc_row][vc_row css=&#8221;.vc_custom_1568231520468{margin-right: 0px !important;margin-left: 0px !important;background-color: #004b85 !important;}&#8221; el_id=&#8221;idTextSticker&#8221;][vc_column][vc_column_text css=&#8221;.vc_custom_1666087095346{padding-right: 30px !important;padding-left: 30px !important;}&#8221;]A Portuga\u0301lia Cervejaria de Bele\u0301m, localizada no Espelho d&#8217;A\u0301gua, disponibiliza va\u0301rias [&hellip;]\" \/>\n<meta property=\"og:url\" content=\"https:\/\/www.portugaliarestauracao.pt\/eventos\/pt-pt\/pc-belem\/\" \/>\n<meta property=\"og:site_name\" content=\"Portug\u00e1lia Restaura\u00e7\u00e3o - Eventos\" \/>\n<meta property=\"article:modified_time\" content=\"2026-04-21T12:04:11+00:00\" \/>\n<meta property=\"og:image\" content=\"https:\/\/www.portugaliarestauracao.pt\/eventos\/wp-content\/uploads\/2019\/09\/Icon-Casa-v04.png\" \/>\n\t<meta property=\"og:image:width\" content=\"50\" \/>\n\t<meta property=\"og:image:height\" content=\"44\" \/>\n\t<meta property=\"og:image:type\" content=\"image\/png\" \/>\n<meta name=\"twitter:card\" content=\"summary_large_image\" \/>\n<meta name=\"twitter:label1\" content=\"Tempo estimado de leitura\" \/>\n\t<meta name=\"twitter:data1\" content=\"3 minutos\" \/>\n<script type=\"application\/ld+json\" class=\"yoast-schema-graph\">{\"@context\":\"https:\/\/schema.org\",\"@graph\":[{\"@type\":\"WebPage\",\"@id\":\"https:\/\/www.portugaliarestauracao.pt\/eventos\/pt-pt\/pc-belem\/\",\"url\":\"https:\/\/www.portugaliarestauracao.pt\/eventos\/pt-pt\/pc-belem\/\",\"name\":\"Portug\u00e1lia Cervejaria \u2013 Bel\u00e9m \u2013 PT - Portug\u00e1lia Restaura\u00e7\u00e3o - Eventos\",\"isPartOf\":{\"@id\":\"https:\/\/www.portugaliarestauracao.pt\/eventos\/#website\"},\"primaryImageOfPage\":{\"@id\":\"https:\/\/www.portugaliarestauracao.pt\/eventos\/pt-pt\/pc-belem\/#primaryimage\"},\"image\":{\"@id\":\"https:\/\/www.portugaliarestauracao.pt\/eventos\/pt-pt\/pc-belem\/#primaryimage\"},\"thumbnailUrl\":\"https:\/\/www.portugaliarestauracao.pt\/eventos\/wp-content\/uploads\/2019\/09\/Icon-Casa-v04.png\",\"datePublished\":\"2019-09-15T20:01:47+00:00\",\"dateModified\":\"2026-04-21T12:04:11+00:00\",\"breadcrumb\":{\"@id\":\"https:\/\/www.portugaliarestauracao.pt\/eventos\/pt-pt\/pc-belem\/#breadcrumb\"},\"inLanguage\":\"pt-PT\",\"potentialAction\":[{\"@type\":\"ReadAction\",\"target\":[\"https:\/\/www.portugaliarestauracao.pt\/eventos\/pt-pt\/pc-belem\/\"]}]},{\"@type\":\"ImageObject\",\"inLanguage\":\"pt-PT\",\"@id\":\"https:\/\/www.portugaliarestauracao.pt\/eventos\/pt-pt\/pc-belem\/#primaryimage\",\"url\":\"https:\/\/www.portugaliarestauracao.pt\/eventos\/wp-content\/uploads\/2019\/09\/Icon-Casa-v04.png\",\"contentUrl\":\"https:\/\/www.portugaliarestauracao.pt\/eventos\/wp-content\/uploads\/2019\/09\/Icon-Casa-v04.png\",\"width\":50,\"height\":44},{\"@type\":\"BreadcrumbList\",\"@id\":\"https:\/\/www.portugaliarestauracao.pt\/eventos\/pt-pt\/pc-belem\/#breadcrumb\",\"itemListElement\":[{\"@type\":\"ListItem\",\"position\":1,\"name\":\"Home\",\"item\":\"https:\/\/www.portugaliarestauracao.pt\/eventos\/pt-pt\/\"},{\"@type\":\"ListItem\",\"position\":2,\"name\":\"Portug\u00e1lia Cervejaria \u2013 Bel\u00e9m \u2013 PT\"}]},{\"@type\":\"WebSite\",\"@id\":\"https:\/\/www.portugaliarestauracao.pt\/eventos\/#website\",\"url\":\"https:\/\/www.portugaliarestauracao.pt\/eventos\/\",\"name\":\"Portug\u00e1lia Restaura\u00e7\u00e3o - Eventos\",\"description\":\"Portug\u00e1lia Restaura\u00e7\u00e3o - Eventos\",\"potentialAction\":[{\"@type\":\"SearchAction\",\"target\":{\"@type\":\"EntryPoint\",\"urlTemplate\":\"https:\/\/www.portugaliarestauracao.pt\/eventos\/?s={search_term_string}\"},\"query-input\":{\"@type\":\"PropertyValueSpecification\",\"valueRequired\":true,\"valueName\":\"search_term_string\"}}],\"inLanguage\":\"pt-PT\"}]}<\/script>\n<!-- \/ Yoast SEO plugin. -->","yoast_head_json":{"title":"Portug\u00e1lia Cervejaria \u2013 Bel\u00e9m \u2013 PT - Portug\u00e1lia Restaura\u00e7\u00e3o - Eventos","robots":{"index":"noindex","follow":"follow"},"og_locale":"pt_PT","og_type":"article","og_title":"Portug\u00e1lia Cervejaria \u2013 Bel\u00e9m \u2013 PT - Portug\u00e1lia Restaura\u00e7\u00e3o - Eventos","og_description":"[vc_row css=&#8221;.vc_custom_1568255041292{margin-bottom: -10px !important;}&#8221;][vc_column][vc_column_text css=&#8221;.vc_custom_1776772499038{padding-top: 500px !important;background-image: url(https:\/\/www.portugaliarestauracao.pt\/eventos\/wp-content\/uploads\/2026\/04\/Imagem-Pa\u2560ugina-PC-BELEM.jpg?id=1630) !important;background-position: center !important;background-repeat: no-repeat !important;background-size: cover !important;}&#8221; el_class=&#8221;clMySubText&#8221;] VISTA RIO E BELE\u0301M | 2 SALAS INTERIORES | ESPLANADA COBERTA BIFE PORTUGA\u0301LIA | MARISCOS [\/vc_column_text][\/vc_column][\/vc_row][vc_row css=&#8221;.vc_custom_1568231520468{margin-right: 0px !important;margin-left: 0px !important;background-color: #004b85 !important;}&#8221; el_id=&#8221;idTextSticker&#8221;][vc_column][vc_column_text css=&#8221;.vc_custom_1666087095346{padding-right: 30px !important;padding-left: 30px !important;}&#8221;]A Portuga\u0301lia Cervejaria de Bele\u0301m, localizada no Espelho d&#8217;A\u0301gua, disponibiliza va\u0301rias [&hellip;]","og_url":"https:\/\/www.portugaliarestauracao.pt\/eventos\/pt-pt\/pc-belem\/","og_site_name":"Portug\u00e1lia Restaura\u00e7\u00e3o - Eventos","article_modified_time":"2026-04-21T12:04:11+00:00","og_image":[{"width":50,"height":44,"url":"https:\/\/www.portugaliarestauracao.pt\/eventos\/wp-content\/uploads\/2019\/09\/Icon-Casa-v04.png","type":"image\/png"}],"twitter_card":"summary_large_image","twitter_misc":{"Tempo estimado de leitura":"3 minutos"},"schema":{"@context":"https:\/\/schema.org","@graph":[{"@type":"WebPage","@id":"https:\/\/www.portugaliarestauracao.pt\/eventos\/pt-pt\/pc-belem\/","url":"https:\/\/www.portugaliarestauracao.pt\/eventos\/pt-pt\/pc-belem\/","name":"Portug\u00e1lia Cervejaria \u2013 Bel\u00e9m \u2013 PT - Portug\u00e1lia Restaura\u00e7\u00e3o - Eventos","isPartOf":{"@id":"https:\/\/www.portugaliarestauracao.pt\/eventos\/#website"},"primaryImageOfPage":{"@id":"https:\/\/www.portugaliarestauracao.pt\/eventos\/pt-pt\/pc-belem\/#primaryimage"},"image":{"@id":"https:\/\/www.portugaliarestauracao.pt\/eventos\/pt-pt\/pc-belem\/#primaryimage"},"thumbnailUrl":"https:\/\/www.portugaliarestauracao.pt\/eventos\/wp-content\/uploads\/2019\/09\/Icon-Casa-v04.png","datePublished":"2019-09-15T20:01:47+00:00","dateModified":"2026-04-21T12:04:11+00:00","breadcrumb":{"@id":"https:\/\/www.portugaliarestauracao.pt\/eventos\/pt-pt\/pc-belem\/#breadcrumb"},"inLanguage":"pt-PT","potentialAction":[{"@type":"ReadAction","target":["https:\/\/www.portugaliarestauracao.pt\/eventos\/pt-pt\/pc-belem\/"]}]},{"@type":"ImageObject","inLanguage":"pt-PT","@id":"https:\/\/www.portugaliarestauracao.pt\/eventos\/pt-pt\/pc-belem\/#primaryimage","url":"https:\/\/www.portugaliarestauracao.pt\/eventos\/wp-content\/uploads\/2019\/09\/Icon-Casa-v04.png","contentUrl":"https:\/\/www.portugaliarestauracao.pt\/eventos\/wp-content\/uploads\/2019\/09\/Icon-Casa-v04.png","width":50,"height":44},{"@type":"BreadcrumbList","@id":"https:\/\/www.portugaliarestauracao.pt\/eventos\/pt-pt\/pc-belem\/#breadcrumb","itemListElement":[{"@type":"ListItem","position":1,"name":"Home","item":"https:\/\/www.portugaliarestauracao.pt\/eventos\/pt-pt\/"},{"@type":"ListItem","position":2,"name":"Portug\u00e1lia Cervejaria \u2013 Bel\u00e9m \u2013 PT"}]},{"@type":"WebSite","@id":"https:\/\/www.portugaliarestauracao.pt\/eventos\/#website","url":"https:\/\/www.portugaliarestauracao.pt\/eventos\/","name":"Portug\u00e1lia Restaura\u00e7\u00e3o - Eventos","description":"Portug\u00e1lia Restaura\u00e7\u00e3o - Eventos","potentialAction":[{"@type":"SearchAction","target":{"@type":"EntryPoint","urlTemplate":"https:\/\/www.portugaliarestauracao.pt\/eventos\/?s={search_term_string}"},"query-input":{"@type":"PropertyValueSpecification","valueRequired":true,"valueName":"search_term_string"}}],"inLanguage":"pt-PT"}]}},"_links":{"self":[{"href":"https:\/\/www.portugaliarestauracao.pt\/eventos\/wp-json\/wp\/v2\/pages\/722","targetHints":{"allow":["GET"]}}],"collection":[{"href":"https:\/\/www.portugaliarestauracao.pt\/eventos\/wp-json\/wp\/v2\/pages"}],"about":[{"href":"https:\/\/www.portugaliarestauracao.pt\/eventos\/wp-json\/wp\/v2\/types\/page"}],"author":[{"embeddable":true,"href":"https:\/\/www.portugaliarestauracao.pt\/eventos\/wp-json\/wp\/v2\/users\/1"}],"replies":[{"embeddable":true,"href":"https:\/\/www.portugaliarestauracao.pt\/eventos\/wp-json\/wp\/v2\/comments?post=722"}],"version-history":[{"count":14,"href":"https:\/\/www.portugaliarestauracao.pt\/eventos\/wp-json\/wp\/v2\/pages\/722\/revisions"}],"predecessor-version":[{"id":1639,"href":"https:\/\/www.portugaliarestauracao.pt\/eventos\/wp-json\/wp\/v2\/pages\/722\/revisions\/1639"}],"wp:attachment":[{"href":"https:\/\/www.portugaliarestauracao.pt\/eventos\/wp-json\/wp\/v2\/media?parent=722"}],"curies":[{"name":"wp","href":"https:\/\/api.w.org\/{rel}","templated":true}]}}