{"id":732,"date":"2019-09-15T20:42:58","date_gmt":"2019-09-15T20:42:58","guid":{"rendered":"https:\/\/www.portugaliarestauracao.pt\/eventos\/?page_id=732"},"modified":"2026-04-21T12:46:13","modified_gmt":"2026-04-21T11:46:13","slug":"be-chiado","status":"publish","type":"page","link":"https:\/\/www.portugaliarestauracao.pt\/eventos\/pt-pt\/be-chiado\/","title":{"rendered":"Brasserie de L\u2019Entreco\u0302te &#8211; Chiado &#8211; PT"},"content":{"rendered":"<div class=\"wpb-content-wrapper\"><p>[vc_row css=&#8221;.vc_custom_1568255041292{margin-bottom: -10px !important;}&#8221;][vc_column][vc_column_text css=&#8221;.vc_custom_1568580072899{padding-top: 500px !important;background-image: url(https:\/\/www.portugaliarestauracao.pt\/eventos\/wp-content\/uploads\/2019\/09\/BEChiado.jpg?id=696) !important;background-position: center !important;background-repeat: no-repeat !important;background-size: cover !important;}&#8221; el_class=&#8221;clMySubText&#8221;]<\/p>\n<p class=\"mySubTextP\" style=\"text-align: center;\"><span style=\"color: #ffffff;\"><span class=\"mySubTextA\">AMBIENTE ELEGANTE EM EDIFI\u0301CIO POMBALINO | 2 SALAS | COCKTAIL BAR<br \/>\n<\/span><span class=\"mySubTextA\">ENTRECO\u0302TE COM MOLHO BRASSERIE | CARTA DE VINHOS EXCLUSIVA<\/span><\/span><\/p>\n<p>[\/vc_column_text][\/vc_column][\/vc_row][vc_row css=&#8221;.vc_custom_1568580286674{margin-right: 0px !important;margin-left: 0px !important;background-color: #006738 !important;}&#8221; el_id=&#8221;idTextSticker&#8221;][vc_column][vc_column_text css=&#8221;.vc_custom_1568580086705{padding-right: 30px !important;padding-left: 30px !important;}&#8221;]<\/p>\n<p><span style=\"color: #ffffff;\">A primeira La Brasserie de L\u2019Entreco\u0302te nasceu na Rua do Alecrim, perto do Bairro Alto. O seu ambiente e\u0301 genui\u0301no e reservado e disponibiliza 2 salas distintas. E\u0301 o restaurante perfeito para um almoc\u0327o de nego\u0301cios e eventos Corporate ou a realizac\u0327a\u0303o de eventos intimistas ou de Cocktails no Bar da sala principal.<\/span><\/p>\n<p>[\/vc_column_text][\/vc_column][\/vc_row][vc_row css=&#8221;.vc_custom_1568580293203{margin-right: 0px !important;margin-left: 0px !important;background-color: #006738 !important;}&#8221;][vc_column width=&#8221;1\/4&#8243; el_id=&#8221;idVertDivider&#8221;][vc_column_text css=&#8221;.vc_custom_1568580207369{padding-right: 30px !important;padding-left: 30px !important;}&#8221;]<\/p>\n<p><span style=\"color: #ffffff;\">\u2022 Edifi\u0301cio pombalino<\/span><\/p>\n<p><span style=\"color: #ffffff;\">\u2022 Ambiente requintado<\/span><\/p>\n<p><span style=\"color: #ffffff;\">\u2022 Decorac\u0327a\u0303o elegante sob arcadas de pedra<\/span><\/p>\n<p>[\/vc_column_text][\/vc_column][vc_column width=&#8221;1\/4&#8243; el_id=&#8221;idVertDivider&#8221;][vc_column_text css=&#8221;.vc_custom_1568580114729{padding-right: 30px !important;padding-left: 30px !important;}&#8221;]<\/p>\n<p><span style=\"color: #ffffff;\">\u2022 Duas salas distintas<\/span><\/p>\n<p><span style=\"color: #ffffff;\">\u2022 Bar de cocktails<\/span><\/p>\n<p><span style=\"color: #ffffff;\">\u2022 Eventos intimistas, ac\u0327o\u0303es corporate e Cocktails<\/span><\/p>\n<p>[\/vc_column_text][\/vc_column][vc_column width=&#8221;1\/4&#8243; el_id=&#8221;idVertDivider&#8221;][vc_column_text css=&#8221;.vc_custom_1568580127060{padding-right: 30px !important;padding-left: 30px !important;}&#8221;]<\/p>\n<p><span style=\"color: #ffffff;\">\u2022 Localizac\u0327a\u0303o privilegiada no corac\u0327a\u0303o do Chiado<\/span><\/p>\n<p><span style=\"color: #ffffff;\">\u2022 Pro\u0301ximo de transportes pu\u0301blicos<\/span><\/p>\n<p><span style=\"color: #ffffff;\">\u2022 Estacionamento no Largo Camo\u0303es<\/span><\/p>\n<p>[\/vc_column_text][\/vc_column][vc_column width=&#8221;1\/4&#8243;][vc_column_text css=&#8221;.vc_custom_1570563822419{padding-right: 30px !important;padding-left: 30px !important;}&#8221;]<\/p>\n<p><span style=\"color: #ffffff;\">\u2022 Capacidade Total: <\/span><br \/>\n<span style=\"color: #ffffff;\">84 lugares <\/span><br \/>\n<span style=\"color: #ffffff;\">\u00a0 \u00a0&#8211; Sala Entrada: <\/span><br \/>\n<span style=\"color: #ffffff;\">32 lugares<\/span><br \/>\n<span style=\"color: #ffffff;\">\u00a0 \u00a0&#8211; Sala Interior: <\/span><br \/>\n<span style=\"color: #ffffff;\">52 lugares<\/span><\/p>\n<p>[\/vc_column_text][\/vc_column][\/vc_row][vc_row css=&#8221;.vc_custom_1666089097465{margin-right: 0px !important;margin-bottom: 50px !important;margin-left: 0px !important;background-color: #006738 !important;}&#8221; el_class=&#8221;clPaddingTop50&#8243;][vc_column width=&#8221;1\/2&#8243;][vc_column_text css=&#8221;.vc_custom_1673535033799{padding-right: 30px !important;padding-left: 30px !important;}&#8221;]<span style=\"color: #ffffff;\"><img loading=\"lazy\" decoding=\"async\" class=\"alignnone size-full wp-image-678\" src=\"https:\/\/www.portugaliarestauracao.pt\/eventos\/wp-content\/uploads\/2019\/09\/Icon-Casa-v04.png\" alt=\"\" width=\"50\" height=\"44\" \/>Rua do Alecrim, 117 LISBOA<\/span><\/p>\n<p><span style=\"color: #ffffff;\"><img loading=\"lazy\" decoding=\"async\" class=\"alignnone size-full wp-image-685\" src=\"https:\/\/www.portugaliarestauracao.pt\/eventos\/wp-content\/uploads\/2019\/09\/Icon-Mobile-v01.png\" alt=\"\" width=\"50\" height=\"44\" \/>Dep. Comercial: <a style=\"color: #ffffff;\" href=\"mailto:reservas@portugalia.pt\">reservas@portugalia.pt<\/a> |<br \/>\n<a style=\"color: #ffffff;\" href=\"tel:00351213511234\">+351\u00a021\u00a0351\u00a012\u00a034<\/a> <span style=\"font-size: 13px;\">(Chamada para a rede fixa nacional)<\/span><\/span><\/p>\n<p><span style=\"color: #ffffff;\"><img loading=\"lazy\" decoding=\"async\" class=\"alignnone wp-image-707 size-full\" src=\"https:\/\/www.portugaliarestauracao.pt\/eventos\/wp-content\/uploads\/2019\/09\/Icon-Mapa-v02.png\" alt=\"\" width=\"50\" height=\"44\" \/><a style=\"color: #ffffff;\" href=\"https:\/\/www.google.pt\/maps\/place\/La+Brasserie+de+l'Entrec%C3%B4te\/@38.7102117,-9.1453433,17z\/data=!3m1!4b1!4m5!3m4!1s0xd19347e541286ad:0xb65a4754b6577127!8m2!3d38.7102117!4d-9.1431493\" target=\"_blank\" rel=\"noopener noreferrer\">ABRIR MAPA<\/a><\/span>[\/vc_column_text][\/vc_column][vc_column width=&#8221;1\/2&#8243; css=&#8221;.vc_custom_1666089219544{margin-bottom: 50px !important;}&#8221;][vc_btn title=&#8221;Download ficha t\u00e9cnica&#8221; style=&#8221;flat&#8221; shape=&#8221;square&#8221; color=&#8221;primary&#8221; size=&#8221;lg&#8221; i_icon_fontawesome=&#8221;fas fa-download&#8221; add_icon=&#8221;true&#8221; link=&#8221;url:%2Feventos%2Fwp-content%2Fuploads%2F2023%2F01%2FFicha-Tecnica-BE-CHIADO-PT_2023.pdf|target:_blank|rel:nofollow&#8221; el_class=&#8221;links_download&#8221;][vc_btn title=&#8221;Download fotos&#8221; style=&#8221;flat&#8221; shape=&#8221;square&#8221; color=&#8221;primary&#8221; size=&#8221;lg&#8221; i_icon_fontawesome=&#8221;fas fa-download&#8221; add_icon=&#8221;true&#8221; link=&#8221;url:%2Feventos%2FDownloads%2FFotos-LaBrasserieDeLEntrecote-Chiado.zip||target:%20_blank|rel:nofollow&#8221; el_class=&#8221;links_download&#8221;][vc_btn title=&#8221;Download Plantas&#8221; style=&#8221;flat&#8221; shape=&#8221;square&#8221; color=&#8221;primary&#8221; size=&#8221;lg&#8221; i_icon_fontawesome=&#8221;fas fa-download&#8221; add_icon=&#8221;true&#8221; link=&#8221;url:%2Feventos%2FDownloads%2FPlanta-LaBrasserieDeLEntrecote-Chiado.pdf||target:%20_blank|rel:nofollow&#8221; el_class=&#8221;links_download&#8221;][vc_btn title=&#8221;Download menus de grupo&#8221; style=&#8221;flat&#8221; shape=&#8221;square&#8221; color=&#8221;primary&#8221; size=&#8221;lg&#8221; i_icon_fontawesome=&#8221;fas fa-download&#8221; css=&#8221;&#8221; add_icon=&#8221;true&#8221; link=&#8221;url:%2Feventos%2Fwp-content%2Fuploads%2F2026%2F04%2FPT-MenuGrupo-2026_BE.pdf|target:_blank|rel:nofollow&#8221; el_class=&#8221;links_download&#8221;][\/vc_column][\/vc_row]<\/p>\n<\/div>","protected":false},"excerpt":{"rendered":"<p>[vc_row css=&#8221;.vc_custom_1568255041292{margin-bottom: -10px !important;}&#8221;][vc_column][vc_column_text css=&#8221;.vc_custom_1568580072899{padding-top: 500px !important;background-image: url(https:\/\/www.portugaliarestauracao.pt\/eventos\/wp-content\/uploads\/2019\/09\/BEChiado.jpg?id=696) !important;background-position: center !important;background-repeat: no-repeat !important;background-size: cover !important;}&#8221; el_class=&#8221;clMySubText&#8221;] AMBIENTE ELEGANTE EM EDIFI\u0301CIO POMBALINO | 2 SALAS | COCKTAIL BAR ENTRECO\u0302TE COM MOLHO BRASSERIE | CARTA DE VINHOS EXCLUSIVA [\/vc_column_text][\/vc_column][\/vc_row][vc_row css=&#8221;.vc_custom_1568580286674{margin-right: 0px !important;margin-left: 0px !important;background-color: #006738 !important;}&#8221; el_id=&#8221;idTextSticker&#8221;][vc_column][vc_column_text css=&#8221;.vc_custom_1568580086705{padding-right: 30px !important;padding-left: 30px !important;}&#8221;] A primeira La Brasserie de [&hellip;]<\/p>\n","protected":false},"author":1,"featured_media":0,"parent":0,"menu_order":0,"comment_status":"closed","ping_status":"closed","template":"","meta":{"footnotes":""},"class_list":["post-732","page","type-page","status-publish","hentry"],"yoast_head":"<!-- This site is optimized with the Yoast SEO plugin v25.3.1 - https:\/\/yoast.com\/wordpress\/plugins\/seo\/ -->\n<title>Portug\u00e1lia Restaura\u00e7\u00e3o - Eventos<\/title>\n<meta name=\"robots\" content=\"noindex, follow\" \/>\n<meta property=\"og:locale\" content=\"pt_PT\" \/>\n<meta property=\"og:type\" content=\"article\" \/>\n<meta property=\"og:title\" content=\"Portug\u00e1lia Restaura\u00e7\u00e3o - Eventos\" \/>\n<meta property=\"og:description\" content=\"[vc_row css=&#8221;.vc_custom_1568255041292{margin-bottom: -10px !important;}&#8221;][vc_column][vc_column_text css=&#8221;.vc_custom_1568580072899{padding-top: 500px !important;background-image: url(https:\/\/www.portugaliarestauracao.pt\/eventos\/wp-content\/uploads\/2019\/09\/BEChiado.jpg?id=696) !important;background-position: center !important;background-repeat: no-repeat !important;background-size: cover !important;}&#8221; el_class=&#8221;clMySubText&#8221;] AMBIENTE ELEGANTE EM EDIFI\u0301CIO POMBALINO | 2 SALAS | COCKTAIL BAR ENTRECO\u0302TE COM MOLHO BRASSERIE | CARTA DE VINHOS EXCLUSIVA [\/vc_column_text][\/vc_column][\/vc_row][vc_row css=&#8221;.vc_custom_1568580286674{margin-right: 0px !important;margin-left: 0px !important;background-color: #006738 !important;}&#8221; el_id=&#8221;idTextSticker&#8221;][vc_column][vc_column_text css=&#8221;.vc_custom_1568580086705{padding-right: 30px !important;padding-left: 30px !important;}&#8221;] A primeira La Brasserie de [&hellip;]\" \/>\n<meta property=\"og:url\" content=\"https:\/\/www.portugaliarestauracao.pt\/eventos\/pt-pt\/be-chiado\/\" \/>\n<meta property=\"og:site_name\" content=\"Portug\u00e1lia Restaura\u00e7\u00e3o - Eventos\" \/>\n<meta property=\"article:modified_time\" content=\"2026-04-21T11:46:13+00:00\" \/>\n<meta property=\"og:image\" content=\"https:\/\/www.portugaliarestauracao.pt\/eventos\/wp-content\/uploads\/2019\/09\/Icon-Casa-v04.png\" \/>\n\t<meta property=\"og:image:width\" content=\"50\" \/>\n\t<meta property=\"og:image:height\" content=\"44\" \/>\n\t<meta property=\"og:image:type\" content=\"image\/png\" \/>\n<meta name=\"twitter:card\" content=\"summary_large_image\" \/>\n<meta name=\"twitter:label1\" content=\"Tempo estimado de leitura\" \/>\n\t<meta name=\"twitter:data1\" content=\"3 minutos\" \/>\n<script type=\"application\/ld+json\" class=\"yoast-schema-graph\">{\"@context\":\"https:\/\/schema.org\",\"@graph\":[{\"@type\":\"WebPage\",\"@id\":\"https:\/\/www.portugaliarestauracao.pt\/eventos\/pt-pt\/be-chiado\/\",\"url\":\"https:\/\/www.portugaliarestauracao.pt\/eventos\/pt-pt\/be-chiado\/\",\"name\":\"Portug\u00e1lia Restaura\u00e7\u00e3o - Eventos\",\"isPartOf\":{\"@id\":\"https:\/\/www.portugaliarestauracao.pt\/eventos\/#website\"},\"primaryImageOfPage\":{\"@id\":\"https:\/\/www.portugaliarestauracao.pt\/eventos\/pt-pt\/be-chiado\/#primaryimage\"},\"image\":{\"@id\":\"https:\/\/www.portugaliarestauracao.pt\/eventos\/pt-pt\/be-chiado\/#primaryimage\"},\"thumbnailUrl\":\"https:\/\/www.portugaliarestauracao.pt\/eventos\/wp-content\/uploads\/2019\/09\/Icon-Casa-v04.png\",\"datePublished\":\"2019-09-15T20:42:58+00:00\",\"dateModified\":\"2026-04-21T11:46:13+00:00\",\"breadcrumb\":{\"@id\":\"https:\/\/www.portugaliarestauracao.pt\/eventos\/pt-pt\/be-chiado\/#breadcrumb\"},\"inLanguage\":\"pt-PT\",\"potentialAction\":[{\"@type\":\"ReadAction\",\"target\":[\"https:\/\/www.portugaliarestauracao.pt\/eventos\/pt-pt\/be-chiado\/\"]}]},{\"@type\":\"ImageObject\",\"inLanguage\":\"pt-PT\",\"@id\":\"https:\/\/www.portugaliarestauracao.pt\/eventos\/pt-pt\/be-chiado\/#primaryimage\",\"url\":\"https:\/\/www.portugaliarestauracao.pt\/eventos\/wp-content\/uploads\/2019\/09\/Icon-Casa-v04.png\",\"contentUrl\":\"https:\/\/www.portugaliarestauracao.pt\/eventos\/wp-content\/uploads\/2019\/09\/Icon-Casa-v04.png\",\"width\":50,\"height\":44},{\"@type\":\"BreadcrumbList\",\"@id\":\"https:\/\/www.portugaliarestauracao.pt\/eventos\/pt-pt\/be-chiado\/#breadcrumb\",\"itemListElement\":[{\"@type\":\"ListItem\",\"position\":1,\"name\":\"Home\",\"item\":\"https:\/\/www.portugaliarestauracao.pt\/eventos\/pt-pt\/\"},{\"@type\":\"ListItem\",\"position\":2,\"name\":\"Brasserie de L\u2019Entreco\u0302te &#8211; Chiado &#8211; PT\"}]},{\"@type\":\"WebSite\",\"@id\":\"https:\/\/www.portugaliarestauracao.pt\/eventos\/#website\",\"url\":\"https:\/\/www.portugaliarestauracao.pt\/eventos\/\",\"name\":\"Portug\u00e1lia Restaura\u00e7\u00e3o - Eventos\",\"description\":\"Portug\u00e1lia Restaura\u00e7\u00e3o - Eventos\",\"potentialAction\":[{\"@type\":\"SearchAction\",\"target\":{\"@type\":\"EntryPoint\",\"urlTemplate\":\"https:\/\/www.portugaliarestauracao.pt\/eventos\/?s={search_term_string}\"},\"query-input\":{\"@type\":\"PropertyValueSpecification\",\"valueRequired\":true,\"valueName\":\"search_term_string\"}}],\"inLanguage\":\"pt-PT\"}]}<\/script>\n<!-- \/ Yoast SEO plugin. -->","yoast_head_json":{"title":"Portug\u00e1lia Restaura\u00e7\u00e3o - Eventos","robots":{"index":"noindex","follow":"follow"},"og_locale":"pt_PT","og_type":"article","og_title":"Portug\u00e1lia Restaura\u00e7\u00e3o - Eventos","og_description":"[vc_row css=&#8221;.vc_custom_1568255041292{margin-bottom: -10px !important;}&#8221;][vc_column][vc_column_text css=&#8221;.vc_custom_1568580072899{padding-top: 500px !important;background-image: url(https:\/\/www.portugaliarestauracao.pt\/eventos\/wp-content\/uploads\/2019\/09\/BEChiado.jpg?id=696) !important;background-position: center !important;background-repeat: no-repeat !important;background-size: cover !important;}&#8221; el_class=&#8221;clMySubText&#8221;] AMBIENTE ELEGANTE EM EDIFI\u0301CIO POMBALINO | 2 SALAS | COCKTAIL BAR ENTRECO\u0302TE COM MOLHO BRASSERIE | CARTA DE VINHOS EXCLUSIVA [\/vc_column_text][\/vc_column][\/vc_row][vc_row css=&#8221;.vc_custom_1568580286674{margin-right: 0px !important;margin-left: 0px !important;background-color: #006738 !important;}&#8221; el_id=&#8221;idTextSticker&#8221;][vc_column][vc_column_text css=&#8221;.vc_custom_1568580086705{padding-right: 30px !important;padding-left: 30px !important;}&#8221;] A primeira La Brasserie de [&hellip;]","og_url":"https:\/\/www.portugaliarestauracao.pt\/eventos\/pt-pt\/be-chiado\/","og_site_name":"Portug\u00e1lia Restaura\u00e7\u00e3o - Eventos","article_modified_time":"2026-04-21T11:46:13+00:00","og_image":[{"width":50,"height":44,"url":"https:\/\/www.portugaliarestauracao.pt\/eventos\/wp-content\/uploads\/2019\/09\/Icon-Casa-v04.png","type":"image\/png"}],"twitter_card":"summary_large_image","twitter_misc":{"Tempo estimado de leitura":"3 minutos"},"schema":{"@context":"https:\/\/schema.org","@graph":[{"@type":"WebPage","@id":"https:\/\/www.portugaliarestauracao.pt\/eventos\/pt-pt\/be-chiado\/","url":"https:\/\/www.portugaliarestauracao.pt\/eventos\/pt-pt\/be-chiado\/","name":"Portug\u00e1lia Restaura\u00e7\u00e3o - Eventos","isPartOf":{"@id":"https:\/\/www.portugaliarestauracao.pt\/eventos\/#website"},"primaryImageOfPage":{"@id":"https:\/\/www.portugaliarestauracao.pt\/eventos\/pt-pt\/be-chiado\/#primaryimage"},"image":{"@id":"https:\/\/www.portugaliarestauracao.pt\/eventos\/pt-pt\/be-chiado\/#primaryimage"},"thumbnailUrl":"https:\/\/www.portugaliarestauracao.pt\/eventos\/wp-content\/uploads\/2019\/09\/Icon-Casa-v04.png","datePublished":"2019-09-15T20:42:58+00:00","dateModified":"2026-04-21T11:46:13+00:00","breadcrumb":{"@id":"https:\/\/www.portugaliarestauracao.pt\/eventos\/pt-pt\/be-chiado\/#breadcrumb"},"inLanguage":"pt-PT","potentialAction":[{"@type":"ReadAction","target":["https:\/\/www.portugaliarestauracao.pt\/eventos\/pt-pt\/be-chiado\/"]}]},{"@type":"ImageObject","inLanguage":"pt-PT","@id":"https:\/\/www.portugaliarestauracao.pt\/eventos\/pt-pt\/be-chiado\/#primaryimage","url":"https:\/\/www.portugaliarestauracao.pt\/eventos\/wp-content\/uploads\/2019\/09\/Icon-Casa-v04.png","contentUrl":"https:\/\/www.portugaliarestauracao.pt\/eventos\/wp-content\/uploads\/2019\/09\/Icon-Casa-v04.png","width":50,"height":44},{"@type":"BreadcrumbList","@id":"https:\/\/www.portugaliarestauracao.pt\/eventos\/pt-pt\/be-chiado\/#breadcrumb","itemListElement":[{"@type":"ListItem","position":1,"name":"Home","item":"https:\/\/www.portugaliarestauracao.pt\/eventos\/pt-pt\/"},{"@type":"ListItem","position":2,"name":"Brasserie de L\u2019Entreco\u0302te &#8211; Chiado &#8211; PT"}]},{"@type":"WebSite","@id":"https:\/\/www.portugaliarestauracao.pt\/eventos\/#website","url":"https:\/\/www.portugaliarestauracao.pt\/eventos\/","name":"Portug\u00e1lia Restaura\u00e7\u00e3o - Eventos","description":"Portug\u00e1lia Restaura\u00e7\u00e3o - Eventos","potentialAction":[{"@type":"SearchAction","target":{"@type":"EntryPoint","urlTemplate":"https:\/\/www.portugaliarestauracao.pt\/eventos\/?s={search_term_string}"},"query-input":{"@type":"PropertyValueSpecification","valueRequired":true,"valueName":"search_term_string"}}],"inLanguage":"pt-PT"}]}},"_links":{"self":[{"href":"https:\/\/www.portugaliarestauracao.pt\/eventos\/wp-json\/wp\/v2\/pages\/732","targetHints":{"allow":["GET"]}}],"collection":[{"href":"https:\/\/www.portugaliarestauracao.pt\/eventos\/wp-json\/wp\/v2\/pages"}],"about":[{"href":"https:\/\/www.portugaliarestauracao.pt\/eventos\/wp-json\/wp\/v2\/types\/page"}],"author":[{"embeddable":true,"href":"https:\/\/www.portugaliarestauracao.pt\/eventos\/wp-json\/wp\/v2\/users\/1"}],"replies":[{"embeddable":true,"href":"https:\/\/www.portugaliarestauracao.pt\/eventos\/wp-json\/wp\/v2\/comments?post=732"}],"version-history":[{"count":5,"href":"https:\/\/www.portugaliarestauracao.pt\/eventos\/wp-json\/wp\/v2\/pages\/732\/revisions"}],"predecessor-version":[{"id":1624,"href":"https:\/\/www.portugaliarestauracao.pt\/eventos\/wp-json\/wp\/v2\/pages\/732\/revisions\/1624"}],"wp:attachment":[{"href":"https:\/\/www.portugaliarestauracao.pt\/eventos\/wp-json\/wp\/v2\/media?parent=732"}],"curies":[{"name":"wp","href":"https:\/\/api.w.org\/{rel}","templated":true}]}}