{"id":843,"date":"2019-10-08T20:21:11","date_gmt":"2019-10-08T20:21:11","guid":{"rendered":"https:\/\/www.portugaliarestauracao.pt\/eventos\/?page_id=843"},"modified":"2025-06-25T15:24:39","modified_gmt":"2025-06-25T14:24:39","slug":"experiencias-com-sabor","status":"publish","type":"page","link":"https:\/\/www.portugaliarestauracao.pt\/eventos\/pt-pt\/experiencias-com-sabor\/","title":{"rendered":"Experi\u00eancias com sabor &#8211; PT"},"content":{"rendered":"<div class=\"wpb-content-wrapper\"><p>[vc_row css=&#8221;.vc_custom_1568255041292{margin-bottom: -10px !important;}&#8221;][vc_column][vc_column_text css=&#8221;.vc_custom_1570567590467{padding-top: 500px !important;background-image: url(https:\/\/www.portugaliarestauracao.pt\/eventos\/wp-content\/uploads\/2019\/10\/Experiencias-00.png?id=845) !important;background-position: center !important;background-repeat: no-repeat !important;background-size: cover !important;}&#8221; el_class=&#8221;clMySubText&#8221;]<\/p>\n<p class=\"mySubTextP\" style=\"text-align: center;\"><span style=\"color: #ffffff;\"><span class=\"mySubTextA\">EXPERI\u00caNCIAS COM SABOR<br \/>\n<\/span><span class=\"mySubTextA\">Um circuito memor\u00e1vel no mundo da gastronomia com tradi\u00e7\u00e3o.<\/span><\/span><\/p>\n<p>[\/vc_column_text][\/vc_column][\/vc_row][vc_row css=&#8221;.vc_custom_1568579697423{margin-right: 0px !important;margin-left: 0px !important;background-color: #024b73 !important;}&#8221; el_id=&#8221;idTextSticker&#8221;][vc_column][vc_column_text css=&#8221;.vc_custom_1570823067579{padding-right: 30px !important;padding-left: 30px !important;}&#8221;]<\/p>\n<p><span style=\"color: #ffffff;\">O Grupo Portuga\u0301lia Restaurac\u0327a\u0303o tem o prazer de lhe apresentar Experie\u0302ncias com Sabor.<\/span><\/p>\n<p><span style=\"color: #ffffff;\">Uma selec\u0327a\u0303o de experie\u0302ncias u\u0301nicas, no nosso universo de Restaurantes, proporcionando momentos de descoberta, descontrac\u0327a\u0303o e partilha, onde a gastronomia e\u0301 o elo de unia\u0303o.<\/span><\/p>\n<p><span style=\"color: #ffffff;\">Agora, para ale\u0301m da refeic\u0327a\u0303o, oferecemos momentos de convi\u0301vio e interac\u0327a\u0303o u\u0301nicos, ideais para encontros de empresas e colegas de trabalho, ou grupos de amigos.<\/span><\/p>\n<p><span style=\"color: #ffffff;\">Descubra e fac\u0327a parte.<\/span><\/p>\n<p>[\/vc_column_text][\/vc_column][\/vc_row][vc_row][vc_column][vc_separator color=&#8221;white&#8221;][\/vc_column][\/vc_row][vc_row disable_element=&#8221;yes&#8221; css=&#8221;.vc_custom_1750861475580{margin-top: 0px !important;margin-right: 0px !important;margin-bottom: 0px !important;margin-left: 0px !important;border-top-width: 0px !important;border-right-width: 0px !important;border-bottom-width: 0px !important;border-left-width: 0px !important;padding-top: 0px !important;padding-right: 0px !important;padding-bottom: 0px !important;padding-left: 0px !important;background-color: #ffffff !important;}&#8221;][vc_column width=&#8221;1\/2&#8243; el_id=&#8221;idVertDivider&#8221; css=&#8221;.vc_custom_1570702306982{margin-left: 0px !important;border-left-width: 0px !important;padding-left: 0px !important;}&#8221;][vc_column_text css=&#8221;.vc_custom_1666003905619{padding-right: 30px !important;padding-left: 30px !important;}&#8221;]<\/p>\n<p><img loading=\"lazy\" decoding=\"async\" class=\"alignnone wp-image-919 size-full\" src=\"https:\/\/www.portugaliarestauracao.pt\/eventos\/wp-content\/uploads\/2022\/10\/SM_Experiencias.png\" alt=\"\" width=\"1311\" height=\"512\" \/><\/p>\n<p><span style=\"color: #ffffff;\">.<\/span><br \/>\nConhec\u0327a os segredos da gastronomia mais premiada do mundo e fac\u0327a parte da Master Class do Segundo Muelle. Na companhia do nosso Chef, vai aprender a confecionar os pratos mais ico\u0301nicos e saborosos desta gastronomia i\u0301mpar.<\/p>\n<p>\u2022 Confec\u0327a\u0303o de dois pratos<br \/>\n\u2022 Preparac\u0327a\u0303o do cocktail embaixador do Peru: Pisco Sour<br \/>\n\u2022 Degustac\u0327a\u0303o: Couvert + Pratos confecionados na Master Class + Risotto Quinua com Lomo Saltado + Trio Sobremesas + A\u0301gua<\/p>\n<p>\u2022 Durac\u0327a\u0303o aproximada 2h30<br \/>\n\u2022 12 a 20 participantes<\/p>\n<p>[\/vc_column_text][\/vc_column][vc_column width=&#8221;1\/2&#8243; css=&#8221;.vc_custom_1570568211422{margin-top: 0px !important;margin-right: 0px !important;margin-bottom: 0px !important;margin-left: 0px !important;border-top-width: 0px !important;border-right-width: 0px !important;border-bottom-width: 0px !important;border-left-width: 0px !important;padding-top: 0px !important;padding-right: 0px !important;padding-bottom: 0px !important;padding-left: 0px !important;}&#8221;][vc_single_image image=&#8221;910&#8243; img_size=&#8221;full&#8221;][\/vc_column][\/vc_row][vc_row disable_element=&#8221;yes&#8221; css=&#8221;.vc_custom_1665657483546{margin-top: 0px !important;margin-right: 0px !important;margin-bottom: 0px !important;margin-left: 0px !important;border-top-width: 0px !important;border-right-width: 0px !important;border-bottom-width: 0px !important;border-left-width: 0px !important;padding-top: 0px !important;padding-right: 0px !important;padding-bottom: 0px !important;padding-left: 0px !important;background-color: #ffffff !important;}&#8221;][vc_column width=&#8221;1\/2&#8243; css=&#8221;.vc_custom_1570702314561{margin-left: 0px !important;border-left-width: 0px !important;padding-left: 0px !important;}&#8221;][vc_column_text css=&#8221;.vc_custom_1570824403952{padding-right: 30px !important;padding-left: 30px !important;}&#8221;]<\/p>\n<p><img loading=\"lazy\" decoding=\"async\" class=\"alignnone wp-image-920 size-full\" src=\"https:\/\/www.portugaliarestauracao.pt\/eventos\/wp-content\/uploads\/2019\/10\/Experiencias-02a-v03.png\" alt=\"\" width=\"1311\" height=\"512\" srcset=\"https:\/\/www.portugaliarestauracao.pt\/eventos\/wp-content\/uploads\/2019\/10\/Experiencias-02a-v03.png 1311w, https:\/\/www.portugaliarestauracao.pt\/eventos\/wp-content\/uploads\/2019\/10\/Experiencias-02a-v03-300x117.png 300w, https:\/\/www.portugaliarestauracao.pt\/eventos\/wp-content\/uploads\/2019\/10\/Experiencias-02a-v03-768x300.png 768w, https:\/\/www.portugaliarestauracao.pt\/eventos\/wp-content\/uploads\/2019\/10\/Experiencias-02a-v03-1024x400.png 1024w\" sizes=\"auto, (max-width: 1311px) 100vw, 1311px\" \/><\/p>\n<p><span style=\"color: #ffffff;\">.<\/span><br \/>\nNas salas deslumbrantes da mais bela e mais antiga Cervejaria de Portugal, venha saborear as nossas cervejas artesanais, numa pausa refrescante e cheia de esse\u0302ncia.<\/p>\n<p>\u2022 Provas das tre\u0302s Cervejas Artesanais: Aurea, Profana e Fe\u0301nix<\/p>\n<p>\u2022 Disponi\u0301vel das 15h30 a\u0300s 19h00<br \/>\n\u2022 12 a 20 participantes<\/p>\n<p>[\/vc_column_text][\/vc_column][vc_column width=&#8221;1\/2&#8243; css=&#8221;.vc_custom_1570568211422{margin-top: 0px !important;margin-right: 0px !important;margin-bottom: 0px !important;margin-left: 0px !important;border-top-width: 0px !important;border-right-width: 0px !important;border-bottom-width: 0px !important;border-left-width: 0px !important;padding-top: 0px !important;padding-right: 0px !important;padding-bottom: 0px !important;padding-left: 0px !important;}&#8221;][vc_single_image image=&#8221;911&#8243; img_size=&#8221;full&#8221;][\/vc_column][\/vc_row][vc_row css=&#8221;.vc_custom_1665657478269{margin-top: 0px !important;margin-right: 0px !important;margin-bottom: 0px !important;margin-left: 0px !important;border-top-width: 0px !important;border-right-width: 0px !important;border-bottom-width: 0px !important;border-left-width: 0px !important;padding-top: 0px !important;padding-right: 0px !important;padding-bottom: 0px !important;padding-left: 0px !important;background-color: #ffffff !important;}&#8221;][vc_column width=&#8221;1\/2&#8243; css=&#8221;.vc_custom_1570702323507{margin-left: 0px !important;border-left-width: 0px !important;padding-left: 0px !important;}&#8221;][vc_column_text css=&#8221;.vc_custom_1570824422237{padding-right: 30px !important;padding-left: 30px !important;}&#8221;]<\/p>\n<p><img loading=\"lazy\" decoding=\"async\" class=\"alignnone wp-image-878 size-full\" src=\"https:\/\/www.portugaliarestauracao.pt\/eventos\/wp-content\/uploads\/2019\/10\/Experiencias-03a.png\" alt=\"\" width=\"1140\" height=\"512\" srcset=\"https:\/\/www.portugaliarestauracao.pt\/eventos\/wp-content\/uploads\/2019\/10\/Experiencias-03a.png 1140w, https:\/\/www.portugaliarestauracao.pt\/eventos\/wp-content\/uploads\/2019\/10\/Experiencias-03a-300x135.png 300w, https:\/\/www.portugaliarestauracao.pt\/eventos\/wp-content\/uploads\/2019\/10\/Experiencias-03a-768x345.png 768w, https:\/\/www.portugaliarestauracao.pt\/eventos\/wp-content\/uploads\/2019\/10\/Experiencias-03a-1024x460.png 1024w\" sizes=\"auto, (max-width: 1140px) 100vw, 1140px\" \/><\/p>\n<p><span style=\"color: #ffffff;\">.<\/span><br \/>\nNo Workshop de Marisco da Cervejaria Ribadouro, a mais tradicional Marisqueira de Lisboa, vai descobrir a arte de selecionar, preparar<br \/>\ne confeccionar o melhor marisco, preservando todo o sabor e frescura. Uma experie\u0302ncia a na\u0303o perder, onde o nosso Mestre Marisqueiro<br \/>\nvai partilhar os muitos anos de saber e os segredos da sua apurada te\u0301cnica. Termine com uma refeic\u0327a\u0303o cheia de sabor.<\/p>\n<p>\u2022 Selec\u0327a\u0303o, Preparac\u0327a\u0303o e Confec\u0327a\u0303o de Marisco, com o Mestre Marisqueiro<br \/>\n\u2022 Menu: Gamba da Costa, Sapateira, Ostras, Percebes, Ame\u0302ijoas, Camara\u0303o Tigre, acompanhado com Quinta do Azevedo (Vinho Verde)<\/p>\n<p>\u2022 Durac\u0327a\u0303o aproximada 2h30<br \/>\n\u2022 Ma\u0301ximo 20 participantes<\/p>\n<p>[\/vc_column_text][\/vc_column][vc_column width=&#8221;1\/2&#8243; css=&#8221;.vc_custom_1570568211422{margin-top: 0px !important;margin-right: 0px !important;margin-bottom: 0px !important;margin-left: 0px !important;border-top-width: 0px !important;border-right-width: 0px !important;border-bottom-width: 0px !important;border-left-width: 0px !important;padding-top: 0px !important;padding-right: 0px !important;padding-bottom: 0px !important;padding-left: 0px !important;}&#8221;][vc_single_image image=&#8221;912&#8243; img_size=&#8221;full&#8221;][\/vc_column][\/vc_row][vc_row css=&#8221;.vc_custom_1570569799169{margin-top: 0px !important;margin-right: 0px !important;margin-bottom: 0px !important;margin-left: 0px !important;border-top-width: 0px !important;border-right-width: 0px !important;border-bottom-width: 0px !important;border-left-width: 0px !important;padding-top: 0px !important;padding-right: 0px !important;padding-bottom: 0px !important;padding-left: 0px !important;background-color: #ffffff !important;}&#8221;][vc_column width=&#8221;1\/2&#8243; css=&#8221;.vc_custom_1570702591110{margin-left: 0px !important;border-left-width: 0px !important;padding-left: 0px !important;}&#8221;][vc_column_text css=&#8221;.vc_custom_1571113780365{padding-right: 30px !important;padding-left: 30px !important;}&#8221;]<\/p>\n<p><img loading=\"lazy\" decoding=\"async\" class=\"alignnone wp-image-927 size-full\" src=\"https:\/\/www.portugaliarestauracao.pt\/eventos\/wp-content\/uploads\/2019\/10\/Experiencias-04a-v04.png\" alt=\"\" width=\"1311\" height=\"606\" srcset=\"https:\/\/www.portugaliarestauracao.pt\/eventos\/wp-content\/uploads\/2019\/10\/Experiencias-04a-v04.png 1311w, https:\/\/www.portugaliarestauracao.pt\/eventos\/wp-content\/uploads\/2019\/10\/Experiencias-04a-v04-300x139.png 300w, https:\/\/www.portugaliarestauracao.pt\/eventos\/wp-content\/uploads\/2019\/10\/Experiencias-04a-v04-768x355.png 768w, https:\/\/www.portugaliarestauracao.pt\/eventos\/wp-content\/uploads\/2019\/10\/Experiencias-04a-v04-1024x473.png 1024w\" sizes=\"auto, (max-width: 1311px) 100vw, 1311px\" \/><\/p>\n<p>Reserva\u0301mos o nosso po\u0302r-do-sol para si. A esplanada sera\u0301 exclusiva, e partilhada apenas com o nosso DJ. Venha petiscar na nossa companhia. Fac\u0327a parte desta experie\u0302ncia na Portuga\u0301lia Cervejaria do Cais do Sodre\u0301 ou de Bele\u0301m.<\/p>\n<p>\u2022 Sunset sobre o Rio Tejo na esplanada do Cais do Sodre\u0301 ou de Bele\u0301m, ao som de DJ exclusivo<br \/>\n\u2022 Menu: Salgado, Prego do Lombo e uma Bebida<\/p>\n<p>\u2022 Disponi\u0301vel das 16h30 a\u0300s 19h30<br \/>\n\u2022 Mi\u0301nimo 40 participantes<\/p>\n<p>[\/vc_column_text][\/vc_column][vc_column width=&#8221;1\/2&#8243; css=&#8221;.vc_custom_1570568211422{margin-top: 0px !important;margin-right: 0px !important;margin-bottom: 0px !important;margin-left: 0px !important;border-top-width: 0px !important;border-right-width: 0px !important;border-bottom-width: 0px !important;border-left-width: 0px !important;padding-top: 0px !important;padding-right: 0px !important;padding-bottom: 0px !important;padding-left: 0px !important;}&#8221;][vc_single_image image=&#8221;913&#8243; img_size=&#8221;full&#8221;][\/vc_column][\/vc_row][vc_row css=&#8221;.vc_custom_1570569799169{margin-top: 0px !important;margin-right: 0px !important;margin-bottom: 0px !important;margin-left: 0px !important;border-top-width: 0px !important;border-right-width: 0px !important;border-bottom-width: 0px !important;border-left-width: 0px !important;padding-top: 0px !important;padding-right: 0px !important;padding-bottom: 0px !important;padding-left: 0px !important;background-color: #ffffff !important;}&#8221;][vc_column width=&#8221;1\/2&#8243; css=&#8221;.vc_custom_1570702600657{margin-left: 0px !important;border-left-width: 0px !important;padding-left: 0px !important;}&#8221;][vc_column_text css=&#8221;.vc_custom_1570824479029{padding-right: 30px !important;padding-left: 30px !important;}&#8221;]<\/p>\n<p><img loading=\"lazy\" decoding=\"async\" class=\"alignnone wp-image-923 size-full\" src=\"https:\/\/www.portugaliarestauracao.pt\/eventos\/wp-content\/uploads\/2019\/10\/Experiencias-06a-v03.png\" alt=\"\" width=\"1311\" height=\"512\" srcset=\"https:\/\/www.portugaliarestauracao.pt\/eventos\/wp-content\/uploads\/2019\/10\/Experiencias-06a-v03.png 1311w, https:\/\/www.portugaliarestauracao.pt\/eventos\/wp-content\/uploads\/2019\/10\/Experiencias-06a-v03-300x117.png 300w, https:\/\/www.portugaliarestauracao.pt\/eventos\/wp-content\/uploads\/2019\/10\/Experiencias-06a-v03-768x300.png 768w, https:\/\/www.portugaliarestauracao.pt\/eventos\/wp-content\/uploads\/2019\/10\/Experiencias-06a-v03-1024x400.png 1024w\" sizes=\"auto, (max-width: 1311px) 100vw, 1311px\" \/><\/p>\n<p><span style=\"color: #ffffff;\">.<\/span><br \/>\nUma refeic\u0327a\u0303o na Portuga\u0301lia e\u0301 sempre memora\u0301vel. Mas participar num Jantar onde a diversa\u0303o e\u0301 a palavra de ordem vai fazer toda a diferenc\u0327a. Especialmente quando os participantes sa\u0303o envolvidos numa \u201cteia\u201d contagiante.<\/p>\n<p>\u2022 Entretenimento, Convi\u0301vio e muitas Gargalhadas<br \/>\n\u2022 Menu: Pa\u0303o, Manteiga, Croquete, Bife da Vazia com molho Portuga\u0301lia, Pudim Flan, Cafe\u0301 e Bebida<\/p>\n<p>\u2022 Durac\u0327a\u0303o aproximada 2h30<br \/>\n\u2022 Piso 1 em exclusividade<br \/>\n\u2022 Ma\u0301ximo 50 participantes<\/p>\n<p>[\/vc_column_text][\/vc_column][vc_column width=&#8221;1\/2&#8243; css=&#8221;.vc_custom_1570568211422{margin-top: 0px !important;margin-right: 0px !important;margin-bottom: 0px !important;margin-left: 0px !important;border-top-width: 0px !important;border-right-width: 0px !important;border-bottom-width: 0px !important;border-left-width: 0px !important;padding-top: 0px !important;padding-right: 0px !important;padding-bottom: 0px !important;padding-left: 0px !important;}&#8221;][vc_single_image image=&#8221;914&#8243; img_size=&#8221;full&#8221;][\/vc_column][\/vc_row][vc_row css=&#8221;.vc_custom_1666102070382{margin-top: 0px !important;margin-right: 0px !important;margin-bottom: 50px !important;margin-left: 0px !important;border-top-width: 0px !important;border-right-width: 0px !important;border-bottom-width: 0px !important;border-left-width: 0px !important;padding-top: 0px !important;padding-right: 0px !important;padding-bottom: 0px !important;padding-left: 0px !important;background-color: #ffffff !important;}&#8221;][vc_column width=&#8221;1\/2&#8243; css=&#8221;.vc_custom_1570702193581{margin-left: 0px !important;border-left-width: 0px !important;padding-left: 0px !important;}&#8221;][vc_column_text css=&#8221;.vc_custom_1570824498690{padding-right: 30px !important;padding-left: 30px !important;}&#8221;]<\/p>\n<p><img loading=\"lazy\" decoding=\"async\" class=\"alignnone wp-image-924 size-full\" src=\"https:\/\/www.portugaliarestauracao.pt\/eventos\/wp-content\/uploads\/2019\/10\/Experiencias-07a-v03.png\" alt=\"\" width=\"1311\" height=\"512\" srcset=\"https:\/\/www.portugaliarestauracao.pt\/eventos\/wp-content\/uploads\/2019\/10\/Experiencias-07a-v03.png 1311w, https:\/\/www.portugaliarestauracao.pt\/eventos\/wp-content\/uploads\/2019\/10\/Experiencias-07a-v03-300x117.png 300w, https:\/\/www.portugaliarestauracao.pt\/eventos\/wp-content\/uploads\/2019\/10\/Experiencias-07a-v03-768x300.png 768w, https:\/\/www.portugaliarestauracao.pt\/eventos\/wp-content\/uploads\/2019\/10\/Experiencias-07a-v03-1024x400.png 1024w\" sizes=\"auto, (max-width: 1311px) 100vw, 1311px\" \/><\/p>\n<p><span style=\"color: #ffffff;\">.<\/span><br \/>\nA Portug\u00e1lia da Almirante Reis foi, desde sempre, um destino de fim de noite de artistas. Entre eles Ama\u0301lia Rodrigues, que adorava o Bife com Molho Portuga\u0301lia. As noites de Fado sa\u0303o uma homenagem aos fadistas, a\u0300 cultura portuguesa e a\u0300 nossa histo\u0301ria. Por isso, fac\u0327a parte deste legado numa noite de inspirac\u0327a\u0303o, tradic\u0327a\u0303o e Portugalidade.<\/p>\n<p>\u2022 Jantar de Fado<br \/>\n\u2022 Menu: Pa\u0303o, Manteiga, Camara\u0303o Me\u0301dio, Bife da Vazia com molho Portuga\u0301lia ou Bacalhau Assado, Mousse de Chocolate, Cafe\u0301 e Bebidas<\/p>\n<p>\u2022 Durac\u0327a\u0303o aproximada 2h30<br \/>\n\u2022 Piso 1 em exclusividade<br \/>\n\u2022 Mi\u0301nimo 35 participantes<\/p>\n<p>[\/vc_column_text][\/vc_column][vc_column width=&#8221;1\/2&#8243; css=&#8221;.vc_custom_1570568211422{margin-top: 0px !important;margin-right: 0px !important;margin-bottom: 0px !important;margin-left: 0px !important;border-top-width: 0px !important;border-right-width: 0px !important;border-bottom-width: 0px !important;border-left-width: 0px !important;padding-top: 0px !important;padding-right: 0px !important;padding-bottom: 0px !important;padding-left: 0px !important;}&#8221;][vc_single_image image=&#8221;907&#8243; img_size=&#8221;full&#8221;][\/vc_column][\/vc_row]<\/p>\n<\/div>","protected":false},"excerpt":{"rendered":"<p>[vc_row css=&#8221;.vc_custom_1568255041292{margin-bottom: -10px !important;}&#8221;][vc_column][vc_column_text css=&#8221;.vc_custom_1570567590467{padding-top: 500px !important;background-image: url(https:\/\/www.portugaliarestauracao.pt\/eventos\/wp-content\/uploads\/2019\/10\/Experiencias-00.png?id=845) !important;background-position: center !important;background-repeat: no-repeat !important;background-size: cover !important;}&#8221; el_class=&#8221;clMySubText&#8221;] EXPERI\u00caNCIAS COM SABOR Um circuito memor\u00e1vel no mundo da gastronomia com tradi\u00e7\u00e3o. [\/vc_column_text][\/vc_column][\/vc_row][vc_row css=&#8221;.vc_custom_1568579697423{margin-right: 0px !important;margin-left: 0px !important;background-color: #024b73 !important;}&#8221; el_id=&#8221;idTextSticker&#8221;][vc_column][vc_column_text css=&#8221;.vc_custom_1570823067579{padding-right: 30px !important;padding-left: 30px !important;}&#8221;] O Grupo Portuga\u0301lia Restaurac\u0327a\u0303o tem o prazer de lhe apresentar Experie\u0302ncias com Sabor. [&hellip;]<\/p>\n","protected":false},"author":1,"featured_media":0,"parent":0,"menu_order":0,"comment_status":"closed","ping_status":"closed","template":"","meta":{"footnotes":""},"class_list":["post-843","page","type-page","status-publish","hentry"],"yoast_head":"<!-- This site is optimized with the Yoast SEO plugin v25.3.1 - https:\/\/yoast.com\/wordpress\/plugins\/seo\/ -->\n<title>Portug\u00e1lia Restaura\u00e7\u00e3o - Eventos<\/title>\n<meta name=\"robots\" content=\"noindex, follow\" \/>\n<meta property=\"og:locale\" content=\"pt_PT\" \/>\n<meta property=\"og:type\" content=\"article\" \/>\n<meta property=\"og:title\" content=\"Portug\u00e1lia Restaura\u00e7\u00e3o - Eventos\" \/>\n<meta property=\"og:description\" content=\"[vc_row css=&#8221;.vc_custom_1568255041292{margin-bottom: -10px !important;}&#8221;][vc_column][vc_column_text css=&#8221;.vc_custom_1570567590467{padding-top: 500px !important;background-image: url(https:\/\/www.portugaliarestauracao.pt\/eventos\/wp-content\/uploads\/2019\/10\/Experiencias-00.png?id=845) !important;background-position: center !important;background-repeat: no-repeat !important;background-size: cover !important;}&#8221; el_class=&#8221;clMySubText&#8221;] EXPERI\u00caNCIAS COM SABOR Um circuito memor\u00e1vel no mundo da gastronomia com tradi\u00e7\u00e3o. [\/vc_column_text][\/vc_column][\/vc_row][vc_row css=&#8221;.vc_custom_1568579697423{margin-right: 0px !important;margin-left: 0px !important;background-color: #024b73 !important;}&#8221; el_id=&#8221;idTextSticker&#8221;][vc_column][vc_column_text css=&#8221;.vc_custom_1570823067579{padding-right: 30px !important;padding-left: 30px !important;}&#8221;] O Grupo Portuga\u0301lia Restaurac\u0327a\u0303o tem o prazer de lhe apresentar Experie\u0302ncias com Sabor. [&hellip;]\" \/>\n<meta property=\"og:url\" content=\"https:\/\/www.portugaliarestauracao.pt\/eventos\/pt-pt\/experiencias-com-sabor\/\" \/>\n<meta property=\"og:site_name\" content=\"Portug\u00e1lia Restaura\u00e7\u00e3o - Eventos\" \/>\n<meta property=\"article:modified_time\" content=\"2025-06-25T14:24:39+00:00\" \/>\n<meta property=\"og:image\" content=\"https:\/\/www.portugaliarestauracao.pt\/eventos\/wp-content\/uploads\/2022\/10\/SM_Experiencias.png\" \/>\n<meta name=\"twitter:card\" content=\"summary_large_image\" \/>\n<meta name=\"twitter:label1\" content=\"Tempo estimado de leitura\" \/>\n\t<meta name=\"twitter:data1\" content=\"8 minutos\" \/>\n<script type=\"application\/ld+json\" class=\"yoast-schema-graph\">{\"@context\":\"https:\/\/schema.org\",\"@graph\":[{\"@type\":\"WebPage\",\"@id\":\"https:\/\/www.portugaliarestauracao.pt\/eventos\/pt-pt\/experiencias-com-sabor\/\",\"url\":\"https:\/\/www.portugaliarestauracao.pt\/eventos\/pt-pt\/experiencias-com-sabor\/\",\"name\":\"Portug\u00e1lia Restaura\u00e7\u00e3o - Eventos\",\"isPartOf\":{\"@id\":\"https:\/\/www.portugaliarestauracao.pt\/eventos\/#website\"},\"primaryImageOfPage\":{\"@id\":\"https:\/\/www.portugaliarestauracao.pt\/eventos\/pt-pt\/experiencias-com-sabor\/#primaryimage\"},\"image\":{\"@id\":\"https:\/\/www.portugaliarestauracao.pt\/eventos\/pt-pt\/experiencias-com-sabor\/#primaryimage\"},\"thumbnailUrl\":\"https:\/\/www.portugaliarestauracao.pt\/eventos\/wp-content\/uploads\/2022\/10\/SM_Experiencias.png\",\"datePublished\":\"2019-10-08T20:21:11+00:00\",\"dateModified\":\"2025-06-25T14:24:39+00:00\",\"breadcrumb\":{\"@id\":\"https:\/\/www.portugaliarestauracao.pt\/eventos\/pt-pt\/experiencias-com-sabor\/#breadcrumb\"},\"inLanguage\":\"pt-PT\",\"potentialAction\":[{\"@type\":\"ReadAction\",\"target\":[\"https:\/\/www.portugaliarestauracao.pt\/eventos\/pt-pt\/experiencias-com-sabor\/\"]}]},{\"@type\":\"ImageObject\",\"inLanguage\":\"pt-PT\",\"@id\":\"https:\/\/www.portugaliarestauracao.pt\/eventos\/pt-pt\/experiencias-com-sabor\/#primaryimage\",\"url\":\"https:\/\/www.portugaliarestauracao.pt\/eventos\/wp-content\/uploads\/2022\/10\/SM_Experiencias.png\",\"contentUrl\":\"https:\/\/www.portugaliarestauracao.pt\/eventos\/wp-content\/uploads\/2022\/10\/SM_Experiencias.png\",\"width\":1136,\"height\":512},{\"@type\":\"BreadcrumbList\",\"@id\":\"https:\/\/www.portugaliarestauracao.pt\/eventos\/pt-pt\/experiencias-com-sabor\/#breadcrumb\",\"itemListElement\":[{\"@type\":\"ListItem\",\"position\":1,\"name\":\"Home\",\"item\":\"https:\/\/www.portugaliarestauracao.pt\/eventos\/pt-pt\/\"},{\"@type\":\"ListItem\",\"position\":2,\"name\":\"Experi\u00eancias com sabor &#8211; PT\"}]},{\"@type\":\"WebSite\",\"@id\":\"https:\/\/www.portugaliarestauracao.pt\/eventos\/#website\",\"url\":\"https:\/\/www.portugaliarestauracao.pt\/eventos\/\",\"name\":\"Portug\u00e1lia Restaura\u00e7\u00e3o - Eventos\",\"description\":\"Portug\u00e1lia Restaura\u00e7\u00e3o - Eventos\",\"potentialAction\":[{\"@type\":\"SearchAction\",\"target\":{\"@type\":\"EntryPoint\",\"urlTemplate\":\"https:\/\/www.portugaliarestauracao.pt\/eventos\/?s={search_term_string}\"},\"query-input\":{\"@type\":\"PropertyValueSpecification\",\"valueRequired\":true,\"valueName\":\"search_term_string\"}}],\"inLanguage\":\"pt-PT\"}]}<\/script>\n<!-- \/ Yoast SEO plugin. -->","yoast_head_json":{"title":"Portug\u00e1lia Restaura\u00e7\u00e3o - Eventos","robots":{"index":"noindex","follow":"follow"},"og_locale":"pt_PT","og_type":"article","og_title":"Portug\u00e1lia Restaura\u00e7\u00e3o - Eventos","og_description":"[vc_row css=&#8221;.vc_custom_1568255041292{margin-bottom: -10px !important;}&#8221;][vc_column][vc_column_text css=&#8221;.vc_custom_1570567590467{padding-top: 500px !important;background-image: url(https:\/\/www.portugaliarestauracao.pt\/eventos\/wp-content\/uploads\/2019\/10\/Experiencias-00.png?id=845) !important;background-position: center !important;background-repeat: no-repeat !important;background-size: cover !important;}&#8221; el_class=&#8221;clMySubText&#8221;] EXPERI\u00caNCIAS COM SABOR Um circuito memor\u00e1vel no mundo da gastronomia com tradi\u00e7\u00e3o. [\/vc_column_text][\/vc_column][\/vc_row][vc_row css=&#8221;.vc_custom_1568579697423{margin-right: 0px !important;margin-left: 0px !important;background-color: #024b73 !important;}&#8221; el_id=&#8221;idTextSticker&#8221;][vc_column][vc_column_text css=&#8221;.vc_custom_1570823067579{padding-right: 30px !important;padding-left: 30px !important;}&#8221;] O Grupo Portuga\u0301lia Restaurac\u0327a\u0303o tem o prazer de lhe apresentar Experie\u0302ncias com Sabor. [&hellip;]","og_url":"https:\/\/www.portugaliarestauracao.pt\/eventos\/pt-pt\/experiencias-com-sabor\/","og_site_name":"Portug\u00e1lia Restaura\u00e7\u00e3o - Eventos","article_modified_time":"2025-06-25T14:24:39+00:00","og_image":[{"url":"https:\/\/www.portugaliarestauracao.pt\/eventos\/wp-content\/uploads\/2022\/10\/SM_Experiencias.png","type":"","width":"","height":""}],"twitter_card":"summary_large_image","twitter_misc":{"Tempo estimado de leitura":"8 minutos"},"schema":{"@context":"https:\/\/schema.org","@graph":[{"@type":"WebPage","@id":"https:\/\/www.portugaliarestauracao.pt\/eventos\/pt-pt\/experiencias-com-sabor\/","url":"https:\/\/www.portugaliarestauracao.pt\/eventos\/pt-pt\/experiencias-com-sabor\/","name":"Portug\u00e1lia Restaura\u00e7\u00e3o - Eventos","isPartOf":{"@id":"https:\/\/www.portugaliarestauracao.pt\/eventos\/#website"},"primaryImageOfPage":{"@id":"https:\/\/www.portugaliarestauracao.pt\/eventos\/pt-pt\/experiencias-com-sabor\/#primaryimage"},"image":{"@id":"https:\/\/www.portugaliarestauracao.pt\/eventos\/pt-pt\/experiencias-com-sabor\/#primaryimage"},"thumbnailUrl":"https:\/\/www.portugaliarestauracao.pt\/eventos\/wp-content\/uploads\/2022\/10\/SM_Experiencias.png","datePublished":"2019-10-08T20:21:11+00:00","dateModified":"2025-06-25T14:24:39+00:00","breadcrumb":{"@id":"https:\/\/www.portugaliarestauracao.pt\/eventos\/pt-pt\/experiencias-com-sabor\/#breadcrumb"},"inLanguage":"pt-PT","potentialAction":[{"@type":"ReadAction","target":["https:\/\/www.portugaliarestauracao.pt\/eventos\/pt-pt\/experiencias-com-sabor\/"]}]},{"@type":"ImageObject","inLanguage":"pt-PT","@id":"https:\/\/www.portugaliarestauracao.pt\/eventos\/pt-pt\/experiencias-com-sabor\/#primaryimage","url":"https:\/\/www.portugaliarestauracao.pt\/eventos\/wp-content\/uploads\/2022\/10\/SM_Experiencias.png","contentUrl":"https:\/\/www.portugaliarestauracao.pt\/eventos\/wp-content\/uploads\/2022\/10\/SM_Experiencias.png","width":1136,"height":512},{"@type":"BreadcrumbList","@id":"https:\/\/www.portugaliarestauracao.pt\/eventos\/pt-pt\/experiencias-com-sabor\/#breadcrumb","itemListElement":[{"@type":"ListItem","position":1,"name":"Home","item":"https:\/\/www.portugaliarestauracao.pt\/eventos\/pt-pt\/"},{"@type":"ListItem","position":2,"name":"Experi\u00eancias com sabor &#8211; PT"}]},{"@type":"WebSite","@id":"https:\/\/www.portugaliarestauracao.pt\/eventos\/#website","url":"https:\/\/www.portugaliarestauracao.pt\/eventos\/","name":"Portug\u00e1lia Restaura\u00e7\u00e3o - Eventos","description":"Portug\u00e1lia Restaura\u00e7\u00e3o - Eventos","potentialAction":[{"@type":"SearchAction","target":{"@type":"EntryPoint","urlTemplate":"https:\/\/www.portugaliarestauracao.pt\/eventos\/?s={search_term_string}"},"query-input":{"@type":"PropertyValueSpecification","valueRequired":true,"valueName":"search_term_string"}}],"inLanguage":"pt-PT"}]}},"_links":{"self":[{"href":"https:\/\/www.portugaliarestauracao.pt\/eventos\/wp-json\/wp\/v2\/pages\/843","targetHints":{"allow":["GET"]}}],"collection":[{"href":"https:\/\/www.portugaliarestauracao.pt\/eventos\/wp-json\/wp\/v2\/pages"}],"about":[{"href":"https:\/\/www.portugaliarestauracao.pt\/eventos\/wp-json\/wp\/v2\/types\/page"}],"author":[{"embeddable":true,"href":"https:\/\/www.portugaliarestauracao.pt\/eventos\/wp-json\/wp\/v2\/users\/1"}],"replies":[{"embeddable":true,"href":"https:\/\/www.portugaliarestauracao.pt\/eventos\/wp-json\/wp\/v2\/comments?post=843"}],"version-history":[{"count":1,"href":"https:\/\/www.portugaliarestauracao.pt\/eventos\/wp-json\/wp\/v2\/pages\/843\/revisions"}],"predecessor-version":[{"id":1611,"href":"https:\/\/www.portugaliarestauracao.pt\/eventos\/wp-json\/wp\/v2\/pages\/843\/revisions\/1611"}],"wp:attachment":[{"href":"https:\/\/www.portugaliarestauracao.pt\/eventos\/wp-json\/wp\/v2\/media?parent=843"}],"curies":[{"name":"wp","href":"https:\/\/api.w.org\/{rel}","templated":true}]}}