{"id":943,"date":"2019-10-28T19:56:49","date_gmt":"2019-10-28T19:56:49","guid":{"rendered":"https:\/\/www.portugaliarestauracao.pt\/eventos\/?page_id=943"},"modified":"2026-04-21T18:52:32","modified_gmt":"2026-04-21T17:52:32","slug":"943-2","status":"publish","type":"page","link":"https:\/\/www.portugaliarestauracao.pt\/eventos\/en\/","title":{"rendered":"Eventos Home &#8211; EN"},"content":{"rendered":"<div class=\"wpb-content-wrapper\"><p>[vc_row css=&#8221;.vc_custom_1568798418295{padding-top: -142px !important;}&#8221;][vc_column css=&#8221;.vc_custom_1568798366683{margin-top: -50px !important;}&#8221;][vc_single_image image=&#8221;533&#8243; img_size=&#8221;full&#8221; add_caption=&#8221;yes&#8221; alignment=&#8221;center&#8221;][\/vc_column][\/vc_row][vc_row][vc_column][vc_column_text css=&#8221;&#8221;]<\/p>\n<h3><span style=\"color: #007fa9;\">A PERFECT SETTING FOR EVENTS<\/span><\/h3>\n<p>The Portug\u00e1lia Restaura\u00e7\u00e3o Group brings together a full range of possibilities to accommodate any event. Be it\u00a0<em>Portug\u00e1lia Cervejaria or<\/em>\u00a0a\u00a0<em>La Brasserie de L\u2019Entrec\u00f4te<\/em>\u00a0, they all boast great flexibility\u00a0in each of their rooms, decoration and products, making them the ideal choice for all your events: team-building, corporate functions, and even personal occasions such as weddings or birthday parties. From small intimate events to banquets for 500 people, we have the solution you&#8217;re looking for. Come talk to us, for any event you may have in mind.[\/vc_column_text][\/vc_column][\/vc_row][vc_row][vc_column width=&#8221;1\/2&#8243;][vc_column_text css=&#8221;.vc_custom_1776793951749{padding-top: 350px !important;background-image: url(https:\/\/www.portugaliarestauracao.pt\/eventos\/wp-content\/uploads\/2026\/04\/Imagem-Pa\u2560ugina-PC-BELEM-2.jpg?id=1649) !important;background-position: center !important;background-repeat: no-repeat !important;background-size: cover !important;}&#8221; el_class=&#8221;clMySubText&#8221;]<\/p>\n<p class=\"mySubTextP\"><a href=\"\/eventos\/en\/pc-belem-en\/\"><span class=\"mySubTextA\"><strong>PORTUGA\u0301LIA CERVEJARIA BEL\u00c9M<\/strong><\/span><\/a><br \/>\n<a href=\"\/eventos\/en\/pc-belem-en\/\"><span class=\"mySubTextB\">THE WATER MIRROR<\/span><\/a><\/p>\n<p>[\/vc_column_text][\/vc_column][vc_column width=&#8221;1\/2&#8243;][vc_column_text css=&#8221;.vc_custom_1666095013788{padding-top: 350px !important;background-image: url(https:\/\/www.portugaliarestauracao.pt\/eventos\/wp-content\/uploads\/2019\/09\/HP04.jpg?id=552) !important;background-position: center !important;background-repeat: no-repeat !important;background-size: cover !important;}&#8221; el_class=&#8221;clMySubText&#8221;]<\/p>\n<p class=\"mySubTextP\"><a href=\"\/eventos\/en\/pc-cais-do-sodre-en\/\"><span class=\"mySubTextA\"><strong>PORTUGA\u0301LIA CERVEJARIA CAIS DO SODR\u00c9<\/strong><\/span><\/a><br \/>\n<a href=\"\/eventos\/en\/pc-cais-do-sodre-en\/\"><span class=\"mySubTextB\">WITH THE TAGUS RIVER AT YOUR FEET<\/span><\/a>[\/vc_column_text][\/vc_column][\/vc_row][vc_row][vc_column][vc_column_text css=&#8221;.vc_custom_1726224075547{padding-top: 350px !important;background-image: url(https:\/\/www.portugaliarestauracao.pt\/eventos\/wp-content\/uploads\/2024\/09\/PORTUGALIA-ALMIRANTE-REIS-1-scaled.jpg?id=1520) !important;background-position: center !important;background-repeat: no-repeat !important;background-size: cover !important;}&#8221; el_class=&#8221;clMySubText&#8221;]<\/p>\n<p class=\"mySubTextP\"><a href=\"\/eventos\/en\/pc-av-almirante-reis-en\/\"><span class=\"mySubTextA\"><strong>PORTUGA\u0301LIA CERVEJARIA ALMIRANTE REIS<\/strong><\/span><br \/>\n<span class=\"mySubTextB\">CENTURY-LONG TRADITION<\/span><\/a>[\/vc_column_text][\/vc_column][\/vc_row][vc_row disable_element=&#8221;yes&#8221;][vc_column][vc_column_text css=&#8221;.vc_custom_1666095103948{padding-top: 350px !important;background-image: url(https:\/\/www.portugaliarestauracao.pt\/eventos\/wp-content\/uploads\/2019\/09\/HP06-e1567589741452.jpg?id=550) !important;background-position: center !important;background-repeat: no-repeat !important;background-size: cover !important;}&#8221; el_class=&#8221;clMySubText&#8221;]<\/p>\n<p class=\"mySubTextP\"><a href=\"\/eventos\/en\/ct-chiado-en\/\"><span class=\"mySubTextA\"><strong>CERVEJARIA TRINDADE<\/strong><\/span><\/a><br \/>\n<a href=\"\/eventos\/en\/ct-chiado-en\/\"><span class=\"mySubTextB\">THE OLDEST AND MOST BEAUTIFUL BREWERY IN PORTUGAL<\/span><\/a>[\/vc_column_text][\/vc_column][\/vc_row][vc_row][vc_column width=&#8221;1\/3&#8243;][vc_column_text css=&#8221;.vc_custom_1666095122284{padding-top: 350px !important;background-image: url(https:\/\/www.portugaliarestauracao.pt\/eventos\/wp-content\/uploads\/2019\/09\/HP07b.jpg?id=564) !important;background-position: center !important;background-repeat: no-repeat !important;background-size: cover !important;}&#8221; el_class=&#8221;clMySubText&#8221;]<\/p>\n<p class=\"mySubTextP\"><a href=\"\/eventos\/en\/be-chiado-en\/\"><span class=\"mySubTextA\"><strong>LA BRASSERIE DE L&#8217;ENTREC\u00d4TE CHIADO<\/strong><\/span><\/a><br \/>\n<a href=\"\/eventos\/en\/be-chiado-en\/\"><span class=\"mySubTextB\">WELCOMING AND EXQUISITE<\/span><\/a>[\/vc_column_text][\/vc_column][vc_column width=&#8221;1\/3&#8243;][vc_column_text css=&#8221;.vc_custom_1666095140044{padding-top: 350px !important;background-image: url(https:\/\/www.portugaliarestauracao.pt\/eventos\/wp-content\/uploads\/2019\/09\/HP08b.jpg?id=565) !important;background-position: center !important;background-repeat: no-repeat !important;background-size: cover !important;}&#8221; el_class=&#8221;clMySubText&#8221;]<\/p>\n<p class=\"mySubTextP\"><a href=\"\/eventos\/en\/be-parque-das-nacoes-en\/\"><span class=\"mySubTextA\"><strong>LA BRASSERIE DE L&#8217;ENTREC\u00d4TE<br \/>\nP. NA\u00c7\u00d5ES<\/strong><\/span><\/a><br \/>\n<a href=\"\/eventos\/en\/be-parque-das-nacoes-en\/\"><span class=\"mySubTextB\">SOPHISTICATED AND CONTEMPORARY<\/span><\/a>[\/vc_column_text][\/vc_column][vc_column width=&#8221;1\/3&#8243;][vc_column_text css=&#8221;.vc_custom_1727795872932{padding-top: 350px !important;background-image: url(https:\/\/www.portugaliarestauracao.pt\/eventos\/wp-content\/uploads\/2024\/10\/BE-Marina-Cascais1-1-scaled.jpg?id=1604) !important;background-position: center !important;background-repeat: no-repeat !important;background-size: cover !important;}&#8221; el_class=&#8221;clMySubText&#8221;]<\/p>\n<p class=\"mySubTextP\"><a href=\"\/eventos\/en\/be-cascais-en\/\"><span class=\"mySubTextA\"><strong>LA BRASSERIE DE L&#8217;ENTREC\u00d4TE CASCAIS<\/strong><\/span><\/a><br \/>\n<a href=\"\/eventos\/en\/be-cascais-en\/\"><span class=\"mySubTextB\">VIEW OF THE OPEN OCEAN <\/span><\/a><\/p>\n<p>[\/vc_column_text][\/vc_column][\/vc_row][vc_row disable_element=&#8221;yes&#8221;][vc_column][vc_column_text css=&#8221;.vc_custom_1666095179604{padding-top: 350px !important;background-image: url(https:\/\/www.portugaliarestauracao.pt\/eventos\/wp-content\/uploads\/2019\/09\/HP10-e1567590691515.jpg?id=549) !important;background-position: center !important;background-repeat: no-repeat !important;background-size: cover !important;}&#8221; el_class=&#8221;clMySubText&#8221;]<\/p>\n<p class=\"mySubTextP\"><a href=\"\/eventos\/en\/sm-cais-do-sodre-en\/\"><span class=\"mySubTextA\"><strong>SEGUNDO MUELLE<\/strong><\/span><\/a><br \/>\n<a href=\"\/eventos\/en\/sm-cais-do-sodre-en\/\"><span class=\"mySubTextB\">PERU IN LISBON<\/span><\/a>[\/vc_column_text][\/vc_column][\/vc_row]<\/p>\n<\/div>","protected":false},"excerpt":{"rendered":"<p>[vc_row css=&#8221;.vc_custom_1568798418295{padding-top: -142px !important;}&#8221;][vc_column css=&#8221;.vc_custom_1568798366683{margin-top: -50px !important;}&#8221;][vc_single_image image=&#8221;533&#8243; img_size=&#8221;full&#8221; add_caption=&#8221;yes&#8221; alignment=&#8221;center&#8221;][\/vc_column][\/vc_row][vc_row][vc_column][vc_column_text css=&#8221;&#8221;] A PERFECT SETTING FOR EVENTS The Portug\u00e1lia Restaura\u00e7\u00e3o Group brings together a full range of possibilities to accommodate any event. Be it\u00a0Portug\u00e1lia Cervejaria or\u00a0a\u00a0La Brasserie de L\u2019Entrec\u00f4te\u00a0, they all boast great flexibility\u00a0in each of their rooms, decoration and products, making them the ideal [&hellip;]<\/p>\n","protected":false},"author":1,"featured_media":0,"parent":0,"menu_order":0,"comment_status":"closed","ping_status":"closed","template":"","meta":{"footnotes":""},"class_list":["post-943","page","type-page","status-publish","hentry"],"yoast_head":"<!-- This site is optimized with the Yoast SEO plugin v25.3.1 - https:\/\/yoast.com\/wordpress\/plugins\/seo\/ -->\n<title>Portug\u00e1lia Restaura\u00e7\u00e3o - Eventos<\/title>\n<meta name=\"robots\" content=\"noindex, follow\" \/>\n<meta property=\"og:locale\" content=\"pt_PT\" \/>\n<meta property=\"og:type\" content=\"article\" \/>\n<meta property=\"og:title\" content=\"Portug\u00e1lia Restaura\u00e7\u00e3o - Eventos\" \/>\n<meta property=\"og:description\" content=\"[vc_row css=&#8221;.vc_custom_1568798418295{padding-top: -142px !important;}&#8221;][vc_column css=&#8221;.vc_custom_1568798366683{margin-top: -50px !important;}&#8221;][vc_single_image image=&#8221;533&#8243; img_size=&#8221;full&#8221; add_caption=&#8221;yes&#8221; alignment=&#8221;center&#8221;][\/vc_column][\/vc_row][vc_row][vc_column][vc_column_text css=&#8221;&#8221;] A PERFECT SETTING FOR EVENTS The Portug\u00e1lia Restaura\u00e7\u00e3o Group brings together a full range of possibilities to accommodate any event. Be it\u00a0Portug\u00e1lia Cervejaria or\u00a0a\u00a0La Brasserie de L\u2019Entrec\u00f4te\u00a0, they all boast great flexibility\u00a0in each of their rooms, decoration and products, making them the ideal [&hellip;]\" \/>\n<meta property=\"og:url\" content=\"https:\/\/www.portugaliarestauracao.pt\/eventos\/en\/\" \/>\n<meta property=\"og:site_name\" content=\"Portug\u00e1lia Restaura\u00e7\u00e3o - Eventos\" \/>\n<meta property=\"article:modified_time\" content=\"2026-04-21T17:52:32+00:00\" \/>\n<meta name=\"twitter:card\" content=\"summary_large_image\" \/>\n<meta name=\"twitter:label1\" content=\"Tempo estimado de leitura\" \/>\n\t<meta name=\"twitter:data1\" content=\"2 minutos\" \/>\n<script type=\"application\/ld+json\" class=\"yoast-schema-graph\">{\"@context\":\"https:\/\/schema.org\",\"@graph\":[{\"@type\":\"WebPage\",\"@id\":\"https:\/\/www.portugaliarestauracao.pt\/eventos\/en\/\",\"url\":\"https:\/\/www.portugaliarestauracao.pt\/eventos\/en\/\",\"name\":\"Portug\u00e1lia Restaura\u00e7\u00e3o - Eventos\",\"isPartOf\":{\"@id\":\"https:\/\/www.portugaliarestauracao.pt\/eventos\/#website\"},\"datePublished\":\"2019-10-28T19:56:49+00:00\",\"dateModified\":\"2026-04-21T17:52:32+00:00\",\"breadcrumb\":{\"@id\":\"https:\/\/www.portugaliarestauracao.pt\/eventos\/en\/#breadcrumb\"},\"inLanguage\":\"pt-PT\",\"potentialAction\":[{\"@type\":\"ReadAction\",\"target\":[\"https:\/\/www.portugaliarestauracao.pt\/eventos\/en\/\"]}]},{\"@type\":\"BreadcrumbList\",\"@id\":\"https:\/\/www.portugaliarestauracao.pt\/eventos\/en\/#breadcrumb\",\"itemListElement\":[{\"@type\":\"ListItem\",\"position\":1,\"name\":\"Home\",\"item\":\"https:\/\/www.portugaliarestauracao.pt\/eventos\/pt-pt\/\"},{\"@type\":\"ListItem\",\"position\":2,\"name\":\"Eventos Home &#8211; EN\"}]},{\"@type\":\"WebSite\",\"@id\":\"https:\/\/www.portugaliarestauracao.pt\/eventos\/#website\",\"url\":\"https:\/\/www.portugaliarestauracao.pt\/eventos\/\",\"name\":\"Portug\u00e1lia Restaura\u00e7\u00e3o - Eventos\",\"description\":\"Portug\u00e1lia Restaura\u00e7\u00e3o - Eventos\",\"potentialAction\":[{\"@type\":\"SearchAction\",\"target\":{\"@type\":\"EntryPoint\",\"urlTemplate\":\"https:\/\/www.portugaliarestauracao.pt\/eventos\/?s={search_term_string}\"},\"query-input\":{\"@type\":\"PropertyValueSpecification\",\"valueRequired\":true,\"valueName\":\"search_term_string\"}}],\"inLanguage\":\"pt-PT\"}]}<\/script>\n<!-- \/ Yoast SEO plugin. -->","yoast_head_json":{"title":"Portug\u00e1lia Restaura\u00e7\u00e3o - Eventos","robots":{"index":"noindex","follow":"follow"},"og_locale":"pt_PT","og_type":"article","og_title":"Portug\u00e1lia Restaura\u00e7\u00e3o - Eventos","og_description":"[vc_row css=&#8221;.vc_custom_1568798418295{padding-top: -142px !important;}&#8221;][vc_column css=&#8221;.vc_custom_1568798366683{margin-top: -50px !important;}&#8221;][vc_single_image image=&#8221;533&#8243; img_size=&#8221;full&#8221; add_caption=&#8221;yes&#8221; alignment=&#8221;center&#8221;][\/vc_column][\/vc_row][vc_row][vc_column][vc_column_text css=&#8221;&#8221;] A PERFECT SETTING FOR EVENTS The Portug\u00e1lia Restaura\u00e7\u00e3o Group brings together a full range of possibilities to accommodate any event. Be it\u00a0Portug\u00e1lia Cervejaria or\u00a0a\u00a0La Brasserie de L\u2019Entrec\u00f4te\u00a0, they all boast great flexibility\u00a0in each of their rooms, decoration and products, making them the ideal [&hellip;]","og_url":"https:\/\/www.portugaliarestauracao.pt\/eventos\/en\/","og_site_name":"Portug\u00e1lia Restaura\u00e7\u00e3o - Eventos","article_modified_time":"2026-04-21T17:52:32+00:00","twitter_card":"summary_large_image","twitter_misc":{"Tempo estimado de leitura":"2 minutos"},"schema":{"@context":"https:\/\/schema.org","@graph":[{"@type":"WebPage","@id":"https:\/\/www.portugaliarestauracao.pt\/eventos\/en\/","url":"https:\/\/www.portugaliarestauracao.pt\/eventos\/en\/","name":"Portug\u00e1lia Restaura\u00e7\u00e3o - Eventos","isPartOf":{"@id":"https:\/\/www.portugaliarestauracao.pt\/eventos\/#website"},"datePublished":"2019-10-28T19:56:49+00:00","dateModified":"2026-04-21T17:52:32+00:00","breadcrumb":{"@id":"https:\/\/www.portugaliarestauracao.pt\/eventos\/en\/#breadcrumb"},"inLanguage":"pt-PT","potentialAction":[{"@type":"ReadAction","target":["https:\/\/www.portugaliarestauracao.pt\/eventos\/en\/"]}]},{"@type":"BreadcrumbList","@id":"https:\/\/www.portugaliarestauracao.pt\/eventos\/en\/#breadcrumb","itemListElement":[{"@type":"ListItem","position":1,"name":"Home","item":"https:\/\/www.portugaliarestauracao.pt\/eventos\/pt-pt\/"},{"@type":"ListItem","position":2,"name":"Eventos Home &#8211; EN"}]},{"@type":"WebSite","@id":"https:\/\/www.portugaliarestauracao.pt\/eventos\/#website","url":"https:\/\/www.portugaliarestauracao.pt\/eventos\/","name":"Portug\u00e1lia Restaura\u00e7\u00e3o - Eventos","description":"Portug\u00e1lia Restaura\u00e7\u00e3o - Eventos","potentialAction":[{"@type":"SearchAction","target":{"@type":"EntryPoint","urlTemplate":"https:\/\/www.portugaliarestauracao.pt\/eventos\/?s={search_term_string}"},"query-input":{"@type":"PropertyValueSpecification","valueRequired":true,"valueName":"search_term_string"}}],"inLanguage":"pt-PT"}]}},"_links":{"self":[{"href":"https:\/\/www.portugaliarestauracao.pt\/eventos\/wp-json\/wp\/v2\/pages\/943","targetHints":{"allow":["GET"]}}],"collection":[{"href":"https:\/\/www.portugaliarestauracao.pt\/eventos\/wp-json\/wp\/v2\/pages"}],"about":[{"href":"https:\/\/www.portugaliarestauracao.pt\/eventos\/wp-json\/wp\/v2\/types\/page"}],"author":[{"embeddable":true,"href":"https:\/\/www.portugaliarestauracao.pt\/eventos\/wp-json\/wp\/v2\/users\/1"}],"replies":[{"embeddable":true,"href":"https:\/\/www.portugaliarestauracao.pt\/eventos\/wp-json\/wp\/v2\/comments?post=943"}],"version-history":[{"count":5,"href":"https:\/\/www.portugaliarestauracao.pt\/eventos\/wp-json\/wp\/v2\/pages\/943\/revisions"}],"predecessor-version":[{"id":1650,"href":"https:\/\/www.portugaliarestauracao.pt\/eventos\/wp-json\/wp\/v2\/pages\/943\/revisions\/1650"}],"wp:attachment":[{"href":"https:\/\/www.portugaliarestauracao.pt\/eventos\/wp-json\/wp\/v2\/media?parent=943"}],"curies":[{"name":"wp","href":"https:\/\/api.w.org\/{rel}","templated":true}]}}