{"id":964,"date":"2019-10-29T02:36:11","date_gmt":"2019-10-29T02:36:11","guid":{"rendered":"https:\/\/www.portugaliarestauracao.pt\/eventos\/?page_id=964"},"modified":"2026-04-21T13:04:26","modified_gmt":"2026-04-21T12:04:26","slug":"pc-belem-en","status":"publish","type":"page","link":"https:\/\/www.portugaliarestauracao.pt\/eventos\/en\/pc-belem-en\/","title":{"rendered":"Portug\u00e1lia Cervejaria \u2013 Bel\u00e9m \u2013 EN"},"content":{"rendered":"<div class=\"wpb-content-wrapper\"><p>[vc_row css=&#8221;.vc_custom_1568255041292{margin-bottom: -10px !important;}&#8221;][vc_column][vc_column_text css=&#8221;.vc_custom_1776772538182{padding-top: 500px !important;background-image: url(https:\/\/www.portugaliarestauracao.pt\/eventos\/wp-content\/uploads\/2026\/04\/Imagem-Pa\u2560ugina-PC-BELEM-1.jpg?id=1631) !important;background-position: center !important;background-repeat: no-repeat !important;background-size: cover !important;}&#8221; el_class=&#8221;clMySubText&#8221;]<\/p>\n<p class=\"mySubTextP\" style=\"text-align: center;\"><span style=\"color: #ffffff;\"><span class=\"mySubTextA\">VIEW OF THE RIVER AND BEL\u00c9M | 2 INTERIOR DINING ROOMS | COVERED TERRACE<br \/>\n<\/span><span class=\"mySubTextA\">PORTUG\u00c1LIA STEAK | SEAFOOD<\/span><\/span><\/p>\n<p>[\/vc_column_text][\/vc_column][\/vc_row][vc_row css=&#8221;.vc_custom_1568231520468{margin-right: 0px !important;margin-left: 0px !important;background-color: #004b85 !important;}&#8221; el_id=&#8221;idTextSticker&#8221;][vc_column][vc_column_text css=&#8221;.vc_custom_1572418233080{padding-right: 30px !important;padding-left: 30px !important;}&#8221;]<span style=\"color: #ffffff;\">Portug\u00e1lia Cervejaria Bel\u00e9m, located at the beautiful \u201cWater Mirror\u201d, offers several rooms with different atmospheres for your events.<\/span>[\/vc_column_text][\/vc_column][\/vc_row][vc_row css=&#8221;.vc_custom_1568231520468{margin-right: 0px !important;margin-left: 0px !important;background-color: #004b85 !important;}&#8221;][vc_column width=&#8221;1\/4&#8243; el_id=&#8221;idVertDivider&#8221;][vc_column_text css=&#8221;.vc_custom_1572418301677{padding-right: 30px !important;padding-left: 30px !important;}&#8221;]<span style=\"color: #ffffff;\">\u2022 &#8220;Floating&#8221; structure over the Water Mirror in Bel\u00e9m <\/span><\/p>\n<p><span style=\"color: #ffffff;\">\u2022 Stunning view of the iconic Bel\u00e9m monuments <\/span><\/p>\n<p><span style=\"color: #ffffff;\">\u2022 Prime location<\/span>[\/vc_column_text][\/vc_column][vc_column width=&#8221;1\/4&#8243; el_id=&#8221;idVertDivider&#8221;][vc_column_text css=&#8221;.vc_custom_1572418316898{padding-right: 30px !important;padding-left: 30px !important;}&#8221;]<span style=\"color: #ffffff;\">\u2022 Two interior dining rooms, circular terrace and wooden deck <\/span><\/p>\n<p><span style=\"color: #ffffff;\">\u2022 Natural light in all the rooms<\/span>[\/vc_column_text][\/vc_column][vc_column width=&#8221;1\/4&#8243; el_id=&#8221;idVertDivider&#8221;][vc_column_text css=&#8221;.vc_custom_1572418338906{padding-right: 30px !important;padding-left: 30px !important;}&#8221;]<span style=\"color: #ffffff;\">\u2022 5 minutes from Bel\u00e9m train and public transport station <\/span><\/p>\n<p><span style=\"color: #ffffff;\">\u2022 Free public parking at the door<\/span>[\/vc_column_text][\/vc_column][vc_column width=&#8221;1\/4&#8243;][vc_column_text css=&#8221;.vc_custom_1572418457881{padding-right: 30px !important;padding-left: 30px !important;}&#8221;]<span style=\"color: #ffffff;\">\u2022 Total capacity: 260 seats <\/span><\/p>\n<p><span style=\"color: #ffffff;\">\u2022 Main dining room: 90 seats <\/span><br \/>\n<span style=\"color: #ffffff;\">\u00a0&#8211; Private room: 40 seats<\/span><br \/>\n<span style=\"color: #ffffff;\">\u00a0&#8211; Deck: 50 seats<\/span><br \/>\n<span style=\"color: #ffffff;\">\u00a0&#8211; Terrace: 80 seats<\/span>[\/vc_column_text][\/vc_column][\/vc_row][vc_row css=&#8221;.vc_custom_1666092727761{margin-right: 0px !important;margin-bottom: 50px !important;margin-left: 0px !important;background-color: #004b85 !important;}&#8221; el_class=&#8221;clPaddingTop50&#8243;][vc_column width=&#8221;1\/2&#8243;][vc_column_text css=&#8221;.vc_custom_1673534617599{padding-right: 30px !important;padding-left: 30px !important;}&#8221;]<span style=\"color: #ffffff;\"><img loading=\"lazy\" decoding=\"async\" class=\"alignnone size-full wp-image-678\" src=\"https:\/\/www.portugaliarestauracao.pt\/eventos\/wp-content\/uploads\/2019\/09\/Icon-Casa-v04.png\" alt=\"\" width=\"50\" height=\"44\" \/>Av. Brasi\u0301lia, Edi\u0301ficio Espelho d\u2019A\u0301gua, Bele\u0301m LISBOA<\/span><\/p>\n<p><span style=\"color: #ffffff;\"> <img loading=\"lazy\" decoding=\"async\" class=\"alignnone size-full wp-image-685\" src=\"https:\/\/www.portugaliarestauracao.pt\/eventos\/wp-content\/uploads\/2019\/09\/Icon-Mobile-v01.png\" alt=\"\" width=\"50\" height=\"44\" \/>Sales Department: <a style=\"color: #ffffff;\" href=\"mailto:reservas@portugalia.pt\">reservas@portugalia.pt<\/a> |<br \/>\n<a style=\"color: #ffffff;\" href=\"tel:00351213511234\">+351\u00a021\u00a0351\u00a012\u00a034<\/a> <span style=\"font-size: 13px;\">(National fixed network call)<\/span><\/span><\/p>\n<p><span style=\"color: #ffffff;\"><img loading=\"lazy\" decoding=\"async\" class=\"alignnone wp-image-707 size-full\" src=\"https:\/\/www.portugaliarestauracao.pt\/eventos\/wp-content\/uploads\/2019\/09\/Icon-Mapa-v02.png\" alt=\"\" width=\"50\" height=\"44\" \/><a style=\"color: #ffffff;\" href=\"https:\/\/www.google.pt\/maps\/place\/Portug%C3%A1lia+Cervejaria\/@38.6939491,-9.2091376,17z\/data=!3m1!4b1!4m5!3m4!1s0xd1ecb438a2ab971:0x1b5d98b40a3dc894!8m2!3d38.6939491!4d-9.2069436\" target=\"_blank\" rel=\"noopener noreferrer\">OPEN MAP<\/a><\/span>[\/vc_column_text][\/vc_column][vc_column width=&#8221;1\/2&#8243; css=&#8221;.vc_custom_1666092731513{margin-bottom: 50px !important;}&#8221;][vc_btn title=&#8221;Download Technical&#8221; style=&#8221;flat&#8221; shape=&#8221;square&#8221; color=&#8221;primary&#8221; size=&#8221;lg&#8221; i_icon_fontawesome=&#8221;fas fa-download&#8221; css=&#8221;&#8221; add_icon=&#8221;true&#8221; link=&#8221;url:%2Feventos%2FDownloads%2FFicha%20Tecnica%20PC%20BELEM%20EN.pdf|target:_blank|rel:nofollow&#8221; el_class=&#8221;links_download&#8221;][vc_btn title=&#8221;Download Photos&#8221; style=&#8221;flat&#8221; shape=&#8221;square&#8221; color=&#8221;primary&#8221; size=&#8221;lg&#8221; i_icon_fontawesome=&#8221;fas fa-download&#8221; css=&#8221;&#8221; add_icon=&#8221;true&#8221; link=&#8221;url:%2Feventos%2FDownloads%2FFotos-PortugaliaCervejaria-Belem.zip|target:_blank|rel:nofollow&#8221; el_class=&#8221;links_download&#8221;][vc_btn title=&#8221;Download Plans&#8221; style=&#8221;flat&#8221; shape=&#8221;square&#8221; color=&#8221;primary&#8221; size=&#8221;lg&#8221; i_icon_fontawesome=&#8221;fas fa-download&#8221; css=&#8221;&#8221; add_icon=&#8221;true&#8221; link=&#8221;url:%2Feventos%2FDownloads%2FPlanta%20PC%20BELEM%20EN.pdf|target:_blank|rel:nofollow&#8221; el_class=&#8221;links_download&#8221;][vc_btn title=&#8221;Download Group Menus&#8221; style=&#8221;flat&#8221; shape=&#8221;square&#8221; color=&#8221;primary&#8221; size=&#8221;lg&#8221; i_icon_fontawesome=&#8221;fas fa-download&#8221; css=&#8221;&#8221; add_icon=&#8221;true&#8221; link=&#8221;url:%2Feventos%2FDownloads%2FEN%20MenuGrupo%202026_PC.pdf|target:_blank|rel:nofollow&#8221; el_class=&#8221;links_download&#8221;][\/vc_column][\/vc_row]<\/p>\n<\/div>","protected":false},"excerpt":{"rendered":"<p>[vc_row css=&#8221;.vc_custom_1568255041292{margin-bottom: -10px !important;}&#8221;][vc_column][vc_column_text css=&#8221;.vc_custom_1776772538182{padding-top: 500px !important;background-image: url(https:\/\/www.portugaliarestauracao.pt\/eventos\/wp-content\/uploads\/2026\/04\/Imagem-Pa\u2560ugina-PC-BELEM-1.jpg?id=1631) !important;background-position: center !important;background-repeat: no-repeat !important;background-size: cover !important;}&#8221; el_class=&#8221;clMySubText&#8221;] VIEW OF THE RIVER AND BEL\u00c9M | 2 INTERIOR DINING ROOMS | COVERED TERRACE PORTUG\u00c1LIA STEAK | SEAFOOD [\/vc_column_text][\/vc_column][\/vc_row][vc_row css=&#8221;.vc_custom_1568231520468{margin-right: 0px !important;margin-left: 0px !important;background-color: #004b85 !important;}&#8221; el_id=&#8221;idTextSticker&#8221;][vc_column][vc_column_text css=&#8221;.vc_custom_1572418233080{padding-right: 30px !important;padding-left: 30px !important;}&#8221;]Portug\u00e1lia Cervejaria Bel\u00e9m, located at the beautiful \u201cWater [&hellip;]<\/p>\n","protected":false},"author":1,"featured_media":0,"parent":0,"menu_order":0,"comment_status":"closed","ping_status":"closed","template":"","meta":{"footnotes":""},"class_list":["post-964","page","type-page","status-publish","hentry"],"yoast_head":"<!-- This site is optimized with the Yoast SEO plugin v25.3.1 - https:\/\/yoast.com\/wordpress\/plugins\/seo\/ -->\n<title>Portug\u00e1lia Cervejaria \u2013 Bel\u00e9m \u2013 EN - Portug\u00e1lia Restaura\u00e7\u00e3o - Eventos<\/title>\n<meta name=\"robots\" content=\"noindex, follow\" \/>\n<meta property=\"og:locale\" content=\"pt_PT\" \/>\n<meta property=\"og:type\" content=\"article\" \/>\n<meta property=\"og:title\" content=\"Portug\u00e1lia Cervejaria \u2013 Bel\u00e9m \u2013 EN - Portug\u00e1lia Restaura\u00e7\u00e3o - Eventos\" \/>\n<meta property=\"og:description\" content=\"[vc_row css=&#8221;.vc_custom_1568255041292{margin-bottom: -10px !important;}&#8221;][vc_column][vc_column_text css=&#8221;.vc_custom_1776772538182{padding-top: 500px !important;background-image: url(https:\/\/www.portugaliarestauracao.pt\/eventos\/wp-content\/uploads\/2026\/04\/Imagem-Pa\u2560ugina-PC-BELEM-1.jpg?id=1631) !important;background-position: center !important;background-repeat: no-repeat !important;background-size: cover !important;}&#8221; el_class=&#8221;clMySubText&#8221;] VIEW OF THE RIVER AND BEL\u00c9M | 2 INTERIOR DINING ROOMS | COVERED TERRACE PORTUG\u00c1LIA STEAK | SEAFOOD [\/vc_column_text][\/vc_column][\/vc_row][vc_row css=&#8221;.vc_custom_1568231520468{margin-right: 0px !important;margin-left: 0px !important;background-color: #004b85 !important;}&#8221; el_id=&#8221;idTextSticker&#8221;][vc_column][vc_column_text css=&#8221;.vc_custom_1572418233080{padding-right: 30px !important;padding-left: 30px !important;}&#8221;]Portug\u00e1lia Cervejaria Bel\u00e9m, located at the beautiful \u201cWater [&hellip;]\" \/>\n<meta property=\"og:url\" content=\"https:\/\/www.portugaliarestauracao.pt\/eventos\/en\/pc-belem-en\/\" \/>\n<meta property=\"og:site_name\" content=\"Portug\u00e1lia Restaura\u00e7\u00e3o - Eventos\" \/>\n<meta property=\"article:modified_time\" content=\"2026-04-21T12:04:26+00:00\" \/>\n<meta property=\"og:image\" content=\"https:\/\/www.portugaliarestauracao.pt\/eventos\/wp-content\/uploads\/2019\/09\/Icon-Casa-v04.png\" \/>\n\t<meta property=\"og:image:width\" content=\"50\" \/>\n\t<meta property=\"og:image:height\" content=\"44\" \/>\n\t<meta property=\"og:image:type\" content=\"image\/png\" \/>\n<meta name=\"twitter:card\" content=\"summary_large_image\" \/>\n<meta name=\"twitter:label1\" content=\"Tempo estimado de leitura\" \/>\n\t<meta name=\"twitter:data1\" content=\"3 minutos\" \/>\n<script type=\"application\/ld+json\" class=\"yoast-schema-graph\">{\"@context\":\"https:\/\/schema.org\",\"@graph\":[{\"@type\":\"WebPage\",\"@id\":\"https:\/\/www.portugaliarestauracao.pt\/eventos\/en\/pc-belem-en\/\",\"url\":\"https:\/\/www.portugaliarestauracao.pt\/eventos\/en\/pc-belem-en\/\",\"name\":\"Portug\u00e1lia Cervejaria \u2013 Bel\u00e9m \u2013 EN - Portug\u00e1lia Restaura\u00e7\u00e3o - Eventos\",\"isPartOf\":{\"@id\":\"https:\/\/www.portugaliarestauracao.pt\/eventos\/#website\"},\"primaryImageOfPage\":{\"@id\":\"https:\/\/www.portugaliarestauracao.pt\/eventos\/en\/pc-belem-en\/#primaryimage\"},\"image\":{\"@id\":\"https:\/\/www.portugaliarestauracao.pt\/eventos\/en\/pc-belem-en\/#primaryimage\"},\"thumbnailUrl\":\"https:\/\/www.portugaliarestauracao.pt\/eventos\/wp-content\/uploads\/2019\/09\/Icon-Casa-v04.png\",\"datePublished\":\"2019-10-29T02:36:11+00:00\",\"dateModified\":\"2026-04-21T12:04:26+00:00\",\"breadcrumb\":{\"@id\":\"https:\/\/www.portugaliarestauracao.pt\/eventos\/en\/pc-belem-en\/#breadcrumb\"},\"inLanguage\":\"pt-PT\",\"potentialAction\":[{\"@type\":\"ReadAction\",\"target\":[\"https:\/\/www.portugaliarestauracao.pt\/eventos\/en\/pc-belem-en\/\"]}]},{\"@type\":\"ImageObject\",\"inLanguage\":\"pt-PT\",\"@id\":\"https:\/\/www.portugaliarestauracao.pt\/eventos\/en\/pc-belem-en\/#primaryimage\",\"url\":\"https:\/\/www.portugaliarestauracao.pt\/eventos\/wp-content\/uploads\/2019\/09\/Icon-Casa-v04.png\",\"contentUrl\":\"https:\/\/www.portugaliarestauracao.pt\/eventos\/wp-content\/uploads\/2019\/09\/Icon-Casa-v04.png\",\"width\":50,\"height\":44},{\"@type\":\"BreadcrumbList\",\"@id\":\"https:\/\/www.portugaliarestauracao.pt\/eventos\/en\/pc-belem-en\/#breadcrumb\",\"itemListElement\":[{\"@type\":\"ListItem\",\"position\":1,\"name\":\"Home\",\"item\":\"https:\/\/www.portugaliarestauracao.pt\/eventos\/pt-pt\/\"},{\"@type\":\"ListItem\",\"position\":2,\"name\":\"Portug\u00e1lia Cervejaria \u2013 Bel\u00e9m \u2013 EN\"}]},{\"@type\":\"WebSite\",\"@id\":\"https:\/\/www.portugaliarestauracao.pt\/eventos\/#website\",\"url\":\"https:\/\/www.portugaliarestauracao.pt\/eventos\/\",\"name\":\"Portug\u00e1lia Restaura\u00e7\u00e3o - Eventos\",\"description\":\"Portug\u00e1lia Restaura\u00e7\u00e3o - Eventos\",\"potentialAction\":[{\"@type\":\"SearchAction\",\"target\":{\"@type\":\"EntryPoint\",\"urlTemplate\":\"https:\/\/www.portugaliarestauracao.pt\/eventos\/?s={search_term_string}\"},\"query-input\":{\"@type\":\"PropertyValueSpecification\",\"valueRequired\":true,\"valueName\":\"search_term_string\"}}],\"inLanguage\":\"pt-PT\"}]}<\/script>\n<!-- \/ Yoast SEO plugin. -->","yoast_head_json":{"title":"Portug\u00e1lia Cervejaria \u2013 Bel\u00e9m \u2013 EN - Portug\u00e1lia Restaura\u00e7\u00e3o - Eventos","robots":{"index":"noindex","follow":"follow"},"og_locale":"pt_PT","og_type":"article","og_title":"Portug\u00e1lia Cervejaria \u2013 Bel\u00e9m \u2013 EN - Portug\u00e1lia Restaura\u00e7\u00e3o - Eventos","og_description":"[vc_row css=&#8221;.vc_custom_1568255041292{margin-bottom: -10px !important;}&#8221;][vc_column][vc_column_text css=&#8221;.vc_custom_1776772538182{padding-top: 500px !important;background-image: url(https:\/\/www.portugaliarestauracao.pt\/eventos\/wp-content\/uploads\/2026\/04\/Imagem-Pa\u2560ugina-PC-BELEM-1.jpg?id=1631) !important;background-position: center !important;background-repeat: no-repeat !important;background-size: cover !important;}&#8221; el_class=&#8221;clMySubText&#8221;] VIEW OF THE RIVER AND BEL\u00c9M | 2 INTERIOR DINING ROOMS | COVERED TERRACE PORTUG\u00c1LIA STEAK | SEAFOOD [\/vc_column_text][\/vc_column][\/vc_row][vc_row css=&#8221;.vc_custom_1568231520468{margin-right: 0px !important;margin-left: 0px !important;background-color: #004b85 !important;}&#8221; el_id=&#8221;idTextSticker&#8221;][vc_column][vc_column_text css=&#8221;.vc_custom_1572418233080{padding-right: 30px !important;padding-left: 30px !important;}&#8221;]Portug\u00e1lia Cervejaria Bel\u00e9m, located at the beautiful \u201cWater [&hellip;]","og_url":"https:\/\/www.portugaliarestauracao.pt\/eventos\/en\/pc-belem-en\/","og_site_name":"Portug\u00e1lia Restaura\u00e7\u00e3o - Eventos","article_modified_time":"2026-04-21T12:04:26+00:00","og_image":[{"width":50,"height":44,"url":"https:\/\/www.portugaliarestauracao.pt\/eventos\/wp-content\/uploads\/2019\/09\/Icon-Casa-v04.png","type":"image\/png"}],"twitter_card":"summary_large_image","twitter_misc":{"Tempo estimado de leitura":"3 minutos"},"schema":{"@context":"https:\/\/schema.org","@graph":[{"@type":"WebPage","@id":"https:\/\/www.portugaliarestauracao.pt\/eventos\/en\/pc-belem-en\/","url":"https:\/\/www.portugaliarestauracao.pt\/eventos\/en\/pc-belem-en\/","name":"Portug\u00e1lia Cervejaria \u2013 Bel\u00e9m \u2013 EN - Portug\u00e1lia Restaura\u00e7\u00e3o - Eventos","isPartOf":{"@id":"https:\/\/www.portugaliarestauracao.pt\/eventos\/#website"},"primaryImageOfPage":{"@id":"https:\/\/www.portugaliarestauracao.pt\/eventos\/en\/pc-belem-en\/#primaryimage"},"image":{"@id":"https:\/\/www.portugaliarestauracao.pt\/eventos\/en\/pc-belem-en\/#primaryimage"},"thumbnailUrl":"https:\/\/www.portugaliarestauracao.pt\/eventos\/wp-content\/uploads\/2019\/09\/Icon-Casa-v04.png","datePublished":"2019-10-29T02:36:11+00:00","dateModified":"2026-04-21T12:04:26+00:00","breadcrumb":{"@id":"https:\/\/www.portugaliarestauracao.pt\/eventos\/en\/pc-belem-en\/#breadcrumb"},"inLanguage":"pt-PT","potentialAction":[{"@type":"ReadAction","target":["https:\/\/www.portugaliarestauracao.pt\/eventos\/en\/pc-belem-en\/"]}]},{"@type":"ImageObject","inLanguage":"pt-PT","@id":"https:\/\/www.portugaliarestauracao.pt\/eventos\/en\/pc-belem-en\/#primaryimage","url":"https:\/\/www.portugaliarestauracao.pt\/eventos\/wp-content\/uploads\/2019\/09\/Icon-Casa-v04.png","contentUrl":"https:\/\/www.portugaliarestauracao.pt\/eventos\/wp-content\/uploads\/2019\/09\/Icon-Casa-v04.png","width":50,"height":44},{"@type":"BreadcrumbList","@id":"https:\/\/www.portugaliarestauracao.pt\/eventos\/en\/pc-belem-en\/#breadcrumb","itemListElement":[{"@type":"ListItem","position":1,"name":"Home","item":"https:\/\/www.portugaliarestauracao.pt\/eventos\/pt-pt\/"},{"@type":"ListItem","position":2,"name":"Portug\u00e1lia Cervejaria \u2013 Bel\u00e9m \u2013 EN"}]},{"@type":"WebSite","@id":"https:\/\/www.portugaliarestauracao.pt\/eventos\/#website","url":"https:\/\/www.portugaliarestauracao.pt\/eventos\/","name":"Portug\u00e1lia Restaura\u00e7\u00e3o - Eventos","description":"Portug\u00e1lia Restaura\u00e7\u00e3o - Eventos","potentialAction":[{"@type":"SearchAction","target":{"@type":"EntryPoint","urlTemplate":"https:\/\/www.portugaliarestauracao.pt\/eventos\/?s={search_term_string}"},"query-input":{"@type":"PropertyValueSpecification","valueRequired":true,"valueName":"search_term_string"}}],"inLanguage":"pt-PT"}]}},"_links":{"self":[{"href":"https:\/\/www.portugaliarestauracao.pt\/eventos\/wp-json\/wp\/v2\/pages\/964","targetHints":{"allow":["GET"]}}],"collection":[{"href":"https:\/\/www.portugaliarestauracao.pt\/eventos\/wp-json\/wp\/v2\/pages"}],"about":[{"href":"https:\/\/www.portugaliarestauracao.pt\/eventos\/wp-json\/wp\/v2\/types\/page"}],"author":[{"embeddable":true,"href":"https:\/\/www.portugaliarestauracao.pt\/eventos\/wp-json\/wp\/v2\/users\/1"}],"replies":[{"embeddable":true,"href":"https:\/\/www.portugaliarestauracao.pt\/eventos\/wp-json\/wp\/v2\/comments?post=964"}],"version-history":[{"count":16,"href":"https:\/\/www.portugaliarestauracao.pt\/eventos\/wp-json\/wp\/v2\/pages\/964\/revisions"}],"predecessor-version":[{"id":1640,"href":"https:\/\/www.portugaliarestauracao.pt\/eventos\/wp-json\/wp\/v2\/pages\/964\/revisions\/1640"}],"wp:attachment":[{"href":"https:\/\/www.portugaliarestauracao.pt\/eventos\/wp-json\/wp\/v2\/media?parent=964"}],"curies":[{"name":"wp","href":"https:\/\/api.w.org\/{rel}","templated":true}]}}